{"id":12983,"date":"2024-03-19T19:38:19","date_gmt":"2024-03-19T23:38:19","guid":{"rendered":"https:\/\/appa.qc.ca\/cssdm\/?page_id=12983"},"modified":"2024-04-05T16:59:41","modified_gmt":"2024-04-05T20:59:41","slug":"ateliers-sdg","status":"publish","type":"page","link":"https:\/\/appa.qc.ca\/cssdm\/colloque\/ateliers-sdg\/","title":{"rendered":"Ateliers &#8211; Services de garde"},"content":{"rendered":"<div class=\"wpb-content-wrapper\">[vc_section][vc_row full_width=\u00a0\u00bbstretch_row_content\u00a0\u00bb][vc_column css=\u00a0\u00bb.vc_custom_1710888885348{margin-left: 17% !important;}\u00a0\u00bb][vc_wp_custommenu nav_menu=\u00a0\u00bb578&Prime; el_class=\u00a0\u00bb.menu-custom-container\u00a0\u00bb][\/vc_column][\/vc_row][vc_row full_width=\u00a0\u00bbstretch_row\u00a0\u00bb content_placement=\u00a0\u00bbtop\u00a0\u00bb][vc_column][vc_column_text]\n<h1 style=\"text-align: center;\"><strong>Ph\u00e9nix 2024 | 21e Colloque APPA<\/strong><\/h1>\n[\/vc_column_text][vc_column_text]\n<h1 style=\"text-align: center;\"><span style=\"color: #ffffff; font-size: 1.5em;\"><span class=\"su-highlight\" style=\"background:#3fb6d7;color:#ffffff\">&nbsp;ATELIERS SECTEUR SERVICES DE GARDE&nbsp;<\/span><\/span><\/h1>\n[\/vc_column_text][\/vc_column][\/vc_row][vc_row][vc_column width=\u00a0\u00bb1\/2&Prime;][vc_text_separator title=\u00a0\u00bbSAMEDI 20 AVRIL 2024 &#8211; AM\u00a0\u00bb][vc_tta_tabs][vc_tta_section title=\u00a0\u00bbAM\u00a0\u00bb tab_id=\u00a0\u00bb1710891211445-d3554268-684f\u00a0\u00bb][vc_column_text]\n<h2><strong>ATELIER 1&nbsp; &nbsp;|&nbsp; AM&nbsp;&nbsp;&nbsp; (max 25)<\/strong><\/h2>\n<p><strong>Le jeu actif; un \u00e9l\u00e9ment essentiel au d\u00e9veloppement<br \/>\n<\/strong><em>Association Qu\u00e9b\u00e9coise de la garde scolaire (AQGS)&nbsp;<\/em><\/p>\n<p>Cette formation permet d&rsquo;identifier les moments cl\u00e9s de la journ\u00e9e o\u00f9 la planification des jeux actifs r\u00e9pond aux besoins des \u00e9l\u00e8ves.<\/p>\n<p>Les participants.es verront comment animer des jeux simples et amusants afin d&rsquo;outiller les \u00e9l\u00e8ves pour devenir plus autonomes dans la gestion de leur niveau d&rsquo;\u00e9nergie, diminuer le stress et favoriser l&rsquo;harmonie et la collaboration au sein du groupe.<\/p>\n<p>&nbsp;<\/p>\n<h2><strong>ATELIER&nbsp; 2&nbsp; &nbsp; |&nbsp; AM&nbsp;&nbsp;&nbsp; (max 25)<\/strong><\/h2>\n<p><strong>Les techniques de communication professionnelle<br \/>\n<\/strong><em>Association Qu\u00e9b\u00e9coise de la garde scolaire (AQGS)&nbsp;<\/em><\/p>\n<p>Cet atelier comporte la mise en pratique des techniques de communication professionnelle de base. La premi\u00e8re partie vise la pr\u00e9sentation et l&rsquo;appropriation de chacune de ces techniques \u00e0 partir de mise en situation li\u00e9es aux contextes du milieu scolaire.<\/p>\n<p>Une deuxi\u00e8me partie vise \u00e0 initier les participants.es aux \u00e9tapes du processus de communication afin de r\u00e9aliser l&rsquo;importance de pr\u00e9parer le contenu, le moment, la forme et le ton de leur message avant de les communiquer.<\/p>\n<p>&nbsp;<\/p>\n<h2><strong>ATELIER 3&nbsp; &nbsp;|&nbsp; &nbsp;AM&nbsp;&nbsp;&nbsp; (max 25)<\/strong><\/h2>\n<p><strong>Exercer un leadership stimulant<br \/>\n<\/strong><em>Association Qu\u00e9b\u00e9coise de la garde scolaire (AQGS)&nbsp;<\/em><\/p>\n<p><span style=\"color: #ff0000;\"><strong>*** OFFERT exclusivement aux techniciennes et techniciens en service de garde ***<\/strong><\/span><\/p>\n<p>Le leadership du personnel technicien se d\u00e9finit par sa capacit\u00e9 \u00e0 guider, mobiliser, inspirer et exercer une influence sur le personnel \u00e9ducateur. Avoir du leadership n&rsquo;est pas seulement une question de personnalit\u00e9. &nbsp;C&rsquo;est une habilet\u00e9 qui se d\u00e9veloppe comme les autres.<\/p>\n<p>&nbsp;<\/p>\n<h2><strong>ATELIER 4&nbsp; &nbsp;|&nbsp; &nbsp;AM&nbsp;&nbsp;&nbsp; (max 40)<\/strong><\/h2>\n<p><strong>Guide du surveillant de d\u00eener<br \/>\n<\/strong><em>Cyber\u00e9quilibre<\/em><\/p>\n<p><span style=\"color: #ff0000;\"><strong>*** OFFERT exclusivement aux surveillants.es de d\u00eener ***<\/strong><\/span><\/p>\n<p>Objectifs&nbsp;:<\/p>\n<ul>\n<li>Am\u00e9liorer l&rsquo;encadrement tout en maintenant un lien fort avec les \u00e9l\u00e8ves.<\/li>\n<li>Comprendre les \u00e9l\u00e9ments pouvant influencer la surveillance.<\/li>\n<li>S&rsquo;approprier des outils concrets et applicables dans la r\u00e9alit\u00e9 quotidienne.<\/li>\n<\/ul>\n<p>Contenu&nbsp;:<\/p>\n<ul>\n<li>Comment percevez-vous votre r\u00f4le ?<\/li>\n<li>Importance de prendre soin de soi.<\/li>\n<li>L&rsquo;intervention \u00e0 l&rsquo;aide de la \u00ab&nbsp;pyramide de Maslow&nbsp;\u00bb.<\/li>\n<li>L&rsquo;encadrement bienveillant.<\/li>\n<li>Techniques et approches pour instaurer une pr\u00e9sence rassurance et positive.<\/li>\n<li>La relation et la communication avec les \u00e9l\u00e8ves.<\/li>\n<li>D\u00e9veloppement des comp\u00e9tences de communication essentielles pour \u00e9tablir des relations positives. Comprendre les comportements des \u00e9l\u00e8ves.<\/li>\n<\/ul>\n<p>&nbsp;<\/p>\n<h2><strong>ATELIER 5&nbsp; &nbsp;|&nbsp; AM&nbsp;&nbsp;&nbsp; (max 30)<\/strong><\/h2>\n<p><strong>Bloc, briques et tout ce qu\u2019il faut pour construire et s\u2019amuser<br \/>\n<\/strong><em>Atelier Brault et Bouthillier par&nbsp;: Karine Frigault, \u00e9ducatrice passionn\u00e9e<\/em><\/p>\n<p>Le jeu de construction, quel qu&rsquo;il soit, contribue au d\u00e9veloppement global de l&rsquo;enfant.<\/p>\n<p>Par le d\u00e9veloppement de sa motricit\u00e9 fine, de sa coordination \u0153il-main, de sa cr\u00e9ativit\u00e9 et multiples autres aspects, les blocs \u00e0 agencer et \u00e0 empiler sont des pi\u00e8ces ma\u00eetresses du jeu symbolique.<\/p>\n<p>Venez d\u00e9couvrir les jeux les plus int\u00e9ressants, color\u00e9 et ing\u00e9nieux pour vos \u00e9l\u00e8ves de 4 \u00e0 12 ans, en les manipulant et d\u00e9couvrant leur particularit\u00e9.<\/p>\n<p>&nbsp;<\/p>\n<h2><strong>ATELIER 6&nbsp; &nbsp;|&nbsp; AM&nbsp;&nbsp;&nbsp; (max 30)<\/strong><\/h2>\n<p><strong>Le jeu sous toutes ses formes<br \/>\n<\/strong><em>Atelier Brault et Bouthillier par&nbsp;: Brigitte Carrier, formatrice sp\u00e9cialis\u00e9e<\/em><\/p>\n<p>Jeu de groupe, jeu individuel, jeu de coop\u00e9ration, jeu calme, jeu d&rsquo;action, jeu pour bouger, jeu pour r\u00e9fl\u00e9chir. Venez voir ce qui captivera tous vos groupes d&rsquo;\u00e2ge au service de garde.<\/p>\n<p>Pr\u00e9sentation et exp\u00e9rimentation avec une experte passionn\u00e9e de tous ces outils ludiques.<\/p>\n<p>&nbsp;<\/p>\n<h2><strong>ATELIER&nbsp; 7&nbsp; &nbsp;|&nbsp; AM&nbsp;&nbsp;&nbsp; (max 50)<\/strong><\/h2>\n<p><strong>B\u00e2tir votre avenir financier, \u00e7a s\u2019apprend (RREGOP)<br \/>\n<\/strong><em>\u00c9quipe BENEVA<\/em><\/p>\n<p>BENEVA vous offre un atelier sur \u00ab&nbsp;<strong>La planification de votre retraite avec votre RREGOP<\/strong> (R\u00e9gimes de retraite des employ\u00e9s du gouvernement et des organismes publics)&nbsp;\u00bb<\/p>\n<p>Que vous commenciez votre parcours financier ou que vous profitiez plut\u00f4t de votre retraite, l\u2019atelier de BENEVA vous proposera \u00e0 coup s\u00fbr de l\u2019information claire, utile et concr\u00e8te pour veiller sur vos finances ou\u2026 leur donner un nouvel \u00e9lan !<\/p>\n<p><strong>Anciennement, cet atelier se donnait pour les 50 ans et plus, maintenant c\u2019est pour toute personne qui d\u00e9sire planifier sa retraite. OUVERT \u00e0 toutes les cat\u00e9gories d\u2019\u00e2ges.<\/strong><\/p>\n<p>&nbsp;<\/p>\n<h2><strong>ATELIER&nbsp; 8&nbsp; &nbsp;|&nbsp; AM&nbsp;&nbsp;&nbsp; (max 35)<\/strong><\/h2>\n<p><strong>La pr\u00e9vention des risque psychosociaux<br \/>\n<\/strong><em>Karine Bouchard et sa coll\u00e8gue CNESST<\/em><\/p>\n<p>Profitez pleinement de cet atelier pour comprendre ce qu\u2019est un risque psychosocial (RPS) li\u00e9 au travail et la sant\u00e9 psychologique au travail. De reconna\u00eetre les principaux risques psychosociaux li\u00e9s au travail. De connaitre les obligations l\u00e9gales des milieux de travail en mati\u00e8re de sant\u00e9 psychologique au travail. De conscientiser les milieux de travail \u00e0 l\u2019importance de la prise en charge des RPS li\u00e9s au travail (pr\u00e9vention) et d\u2019outiller les milieux de travail dans cette d\u00e9marche.[\/vc_column_text][\/vc_tta_section][\/vc_tta_tabs][\/vc_column][vc_column width=\u00a0\u00bb1\/2&Prime;][vc_text_separator title=\u00a0\u00bbSAMEDI 20 AVRIL 2024 &#8211; PM\u00a0\u00bb][vc_tta_tabs][vc_tta_section title=\u00a0\u00bbPM\u00a0\u00bb tab_id=\u00a0\u00bb1710891272058-a3a93c90-6457&Prime;][vc_column_text]\n<h2><strong>ATELIER 9&nbsp; &nbsp;|&nbsp; &nbsp;PM&nbsp;&nbsp;&nbsp; (max 25)<\/strong><\/h2>\n<p><strong>L\u2019intervention bienveillance<br \/>\n<\/strong><em>Association Qu\u00e9b\u00e9coise de la garde scolaire (AQGS)&nbsp;<\/em><\/p>\n<p>La bienveillance, c&rsquo;est d&rsquo;\u00eatre soucieux du bien-\u00eatre et du bonheur des autres. En service de garde de garde, l&rsquo;intervention bienveillante assure un encadrement positif, s\u00e9curitaire et stimulant qui favorise le d\u00e9veloppement harmonieux des \u00e9l\u00e8ves.<\/p>\n<p>Les interventions \u00e9ducatives bienveillantes ont un impact positif sur le climat du groupe, stimulent la cr\u00e9ation de relations significatives et favorisent le bien-\u00eatre des \u00e9l\u00e8ves et du personnel \u00e9ducateur.<\/p>\n<p>Cette conf\u00e9rence atelier vise \u00e0 identifier des attitudes bienveillantes \u00e0 adopter au service de garde pour soutenir le d\u00e9veloppement social et \u00e9motionnel des \u00e9l\u00e8ves.<\/p>\n<p>&nbsp;<\/p>\n<p><strong>&nbsp;<\/strong><\/p>\n<p><strong>&nbsp;<\/strong><\/p>\n<h2><strong>ATELIER&nbsp; 10&nbsp;&nbsp; |&nbsp;&nbsp; PM&nbsp;&nbsp;&nbsp; (max 25)<\/strong><\/h2>\n<p><strong>Animer une activit\u00e9; \u00e7a se pr\u00e9pare<br \/>\n<\/strong><em>Association Qu\u00e9b\u00e9coise de la garde scolaire (AQGS)&nbsp;<\/em><\/p>\n<p><strong>&nbsp;<\/strong>Animer une activit\u00e9 ne s&rsquo;improvise pas ! Le personnel \u00e9ducateur doit poss\u00e9der des habilet\u00e9s inh\u00e9rentes \u00e0 la fonction d&rsquo;animation. Il convient toutefois de bien conna\u00eetre son r\u00f4le afin de placer l&rsquo;\u00e9l\u00e8ve au centre de l&rsquo;action. Comment proc\u00e9der afin d&rsquo;amener les \u00e9l\u00e8ves \u00e0 participer ou \u00e0 initier des jeux ou des activit\u00e9s de groupe tout en assurant leur s\u00e9curit\u00e9 et en stimulant leur d\u00e9veloppement global ?<\/p>\n<p>Cette formation permet au personnel \u00e9ducateur d&rsquo;exp\u00e9rimenter certaines techniques d&rsquo;animation qui favorisent le plaisir et la participation des \u00e9l\u00e8ves.<\/p>\n<p>&nbsp;<\/p>\n<p>&nbsp;<\/p>\n<p>&nbsp;<\/p>\n<h2><strong>ATELIER&nbsp; 11&nbsp;&nbsp; |&nbsp;&nbsp; PM&nbsp;&nbsp;&nbsp; (max 25)<\/strong><\/h2>\n<p><strong>Assurer la s\u00e9curit\u00e9 physique et \u00e9motionnelle des \u00e9l\u00e8ves<br \/>\n<\/strong><em>Association Qu\u00e9b\u00e9coise de la garde scolaire (AQGS)&nbsp;<\/em><\/p>\n<p>Assurer la s\u00e9curit\u00e9 physique des \u00e9l\u00e8ves est la premi\u00e8re responsabilit\u00e9 qui incombe au personnel \u00e9ducateur. Cette formation vise \u00e0 identifier les mesures de s\u00e9curit\u00e9 et les proc\u00e9dures d&rsquo;urgence \u00e0 mettre en place au service de garde afin d&rsquo;assurer la s\u00e9curit\u00e9 des \u00e9l\u00e8ves. De plus, l&rsquo;aspect de la s\u00e9curit\u00e9 \u00e9motionnelle des \u00e9l\u00e8ves sera abord\u00e9 sous l&rsquo;angle des moyens \u00e0 mettre en place pour \u00e9viter ou arr\u00eater toute forme d&rsquo;abus et de violence psychologique.<\/p>\n<p>&nbsp;<\/p>\n<p>&nbsp;<\/p>\n<h2><strong>ATELIER&nbsp; 12&nbsp; |&nbsp; PM&nbsp;&nbsp;&nbsp; (max 30)<\/strong><\/h2>\n<p><strong>Nous sommes tous des artistes<br \/>\n<\/strong><em>Atelier Brault et Bouthillier par&nbsp;: Claudia Baltazar, artiste et \u00e9ducatrice<\/em><\/p>\n<p>L&rsquo;occasion unique de d\u00e9couvrir et d&rsquo;exp\u00e9rimenter des courts projets haut en couleur !<\/p>\n<p>Que pouvez-vous dessiner, peindre o\u00f9 sculpter aujourd&rsquo;hui ?<\/p>\n<p>Les activit\u00e9s pr\u00e9sent\u00e9es sont adapt\u00e9es \u00e0 tous les groupes d&rsquo;\u00e2ge et \u00e0 la r\u00e9alit\u00e9 des services de garde scolaire.<\/p>\n<p>&nbsp;<\/p>\n<p>&nbsp;<\/p>\n<h2><strong>ATELIER&nbsp; 13&nbsp;&nbsp; |&nbsp;&nbsp; PM&nbsp;&nbsp;&nbsp; (max 30)<\/strong><\/h2>\n<p><strong>Bloc, briques et tout ce qu\u2019il faut pour construire et s\u2019amuser<br \/>\n<\/strong><em>Atelier Brault et Bouthillier par&nbsp;: Karine Frigault, \u00e9ducatrice passionn\u00e9e<\/em><\/p>\n<p>Le jeu de construction, quel qu&rsquo;il soit, contribue au d\u00e9veloppement global de l&rsquo;enfant.<\/p>\n<p>Par le d\u00e9veloppement de sa motricit\u00e9 fine, de sa coordination \u0153il-main, de sa cr\u00e9ativit\u00e9 et multiples autres aspects, les blocs \u00e0 agencer et \u00e0 empiler sont des pi\u00e8ces ma\u00eetresses du jeu symbolique.<\/p>\n<p>Venez d\u00e9couvrir les jeux les plus int\u00e9ressants, color\u00e9 et ing\u00e9nieux pour vos \u00e9l\u00e8ves de 4 \u00e0 12 ans, en les manipulant et d\u00e9couvrant leur particularit\u00e9.<\/p>\n<p>&nbsp;<\/p>\n<p>&nbsp;<\/p>\n<p>&nbsp;<\/p>\n<h2><strong>ATELIER 14&nbsp;&nbsp; |&nbsp;&nbsp; PM&nbsp; (max 125)<\/strong><\/h2>\n<p><strong>Estime de soi bonifi\u00e9, enfants motiv\u00e9s (Gustave)<br \/>\n<\/strong><em>St\u00e9phane Paradis<\/em><\/p>\n<p>Captiver \u00e0 l&rsquo;\u00e9cole ou \u00e0 la maison, c&rsquo;est non seulement faire une diff\u00e9rence, mais surtout \u00caTRE LA diff\u00e9rence. L&rsquo;effervescence que l&rsquo;on peut cr\u00e9er fait na\u00eetre des \u00e9tincelles, pour plus de magie, d\u2019authenticit\u00e9, et passe par la relation, l&rsquo;\u00e9motion, la surprise, des petites choses qui, au final contribuent au plaisir v\u00e9cu ensemble.<\/p>\n<p>Notre mission est aussi de se donner la libert\u00e9 d&rsquo;\u00eatre soi-m\u00eame, prendre conscience de notre potentiel d\u2019AS (Adulte Signifiant) afin d&rsquo;aider l&rsquo;enfant \/ l&rsquo;\u00e9l\u00e8ve \u00e0 mieux se conna\u00eetre et reconna\u00eetre sa valeur. Voil\u00e0 une conf\u00e9rence interactive des plus inspirantes, bas\u00e9e sur les bienfaits de l&rsquo;estime de soi, et teint\u00e9 d&rsquo;humour, de r\u00e9flexion, de t\u00e9moignages\u2026 et la pr\u00e9sence de Gustave ![\/vc_column_text][\/vc_tta_section][\/vc_tta_tabs][\/vc_column][\/vc_row][\/vc_section]\n<\/div>","protected":false},"excerpt":{"rendered":"<p>[vc_section][vc_row full_width=\u00a0\u00bbstretch_row_content\u00a0\u00bb][vc_column css=\u00a0\u00bb.vc_custom_1710888885348{margin-left: 17% !important;}\u00a0\u00bb][vc_wp_custommenu nav_menu=\u00a0\u00bb578&Prime; el_class=\u00a0\u00bb.menu-custom-container\u00a0\u00bb][\/vc_column][\/vc_row][vc_row full_width=\u00a0\u00bbstretch_row\u00a0\u00bb content_placement=\u00a0\u00bbtop\u00a0\u00bb][vc_column][vc_column_text] Ph\u00e9nix 2024 | 21e Colloque APPA [\/vc_column_text][vc_column_text] [\/vc_column_text][\/vc_column][\/vc_row][vc_row][vc_column width=\u00a0\u00bb1\/2&Prime;][vc_text_separator title=\u00a0\u00bbSAMEDI 20 AVRIL 2024 &#8211; AM\u00a0\u00bb][vc_tta_tabs][vc_tta_section title=\u00a0\u00bbAM\u00a0\u00bb tab_id=\u00a0\u00bb1710891211445-d3554268-684f\u00a0\u00bb][vc_column_text] ATELIER 1&nbsp; &nbsp;|&nbsp; AM&nbsp;&nbsp;&nbsp; [&hellip;]<\/p>\n","protected":false},"author":20,"featured_media":0,"parent":8535,"menu_order":0,"comment_status":"closed","ping_status":"closed","template":"","meta":{"ngg_post_thumbnail":0,"footnotes":""},"class_list":["post-12983","page","type-page","status-publish","hentry"],"_links":{"self":[{"href":"https:\/\/appa.qc.ca\/cssdm\/wp-json\/wp\/v2\/pages\/12983","targetHints":{"allow":["GET"]}}],"collection":[{"href":"https:\/\/appa.qc.ca\/cssdm\/wp-json\/wp\/v2\/pages"}],"about":[{"href":"https:\/\/appa.qc.ca\/cssdm\/wp-json\/wp\/v2\/types\/page"}],"author":[{"embeddable":true,"href":"https:\/\/appa.qc.ca\/cssdm\/wp-json\/wp\/v2\/users\/20"}],"replies":[{"embeddable":true,"href":"https:\/\/appa.qc.ca\/cssdm\/wp-json\/wp\/v2\/comments?post=12983"}],"version-history":[{"count":14,"href":"https:\/\/appa.qc.ca\/cssdm\/wp-json\/wp\/v2\/pages\/12983\/revisions"}],"predecessor-version":[{"id":13046,"href":"https:\/\/appa.qc.ca\/cssdm\/wp-json\/wp\/v2\/pages\/12983\/revisions\/13046"}],"up":[{"embeddable":true,"href":"https:\/\/appa.qc.ca\/cssdm\/wp-json\/wp\/v2\/pages\/8535"}],"wp:attachment":[{"href":"https:\/\/appa.qc.ca\/cssdm\/wp-json\/wp\/v2\/media?parent=12983"}],"curies":[{"name":"wp","href":"https:\/\/api.w.org\/{rel}","templated":true}]}}