{"id":14703,"date":"2026-02-20T12:56:51","date_gmt":"2026-02-20T17:56:51","guid":{"rendered":"https:\/\/appa.qc.ca\/cssdm\/?page_id=14703"},"modified":"2026-02-20T12:56:51","modified_gmt":"2026-02-20T17:56:51","slug":"conseil-syndical","status":"publish","type":"page","link":"https:\/\/appa.qc.ca\/cssdm\/conseil-syndical\/","title":{"rendered":"Conseil syndical"},"content":{"rendered":"<div class=\"wpb-content-wrapper\">[vc_row][vc_column][vc_column_text css=\u00a0\u00bb\u00a0\u00bb]\n<div>\n<p class=\"p1\">Il oriente et administre le syndicat entre les assembl\u00e9es g\u00e9n\u00e9rales. Il r\u00e8gle tous les sujets concernant les membres du syndicat. Il dispose des questions relatives \u00e0 l\u2019application et \u00e0 la n\u00e9gociation des conventions collectives et des ententes qui en d\u00e9coulent ainsi que les questions budg\u00e9taires.&nbsp;<\/p>\n<\/div>\n<h2>&nbsp;<\/h2>\n<h2>Conseil syndical APPA-CSSDM (2025-2028)<\/h2>\n<p>&nbsp;<\/p>\n<p><span style=\"font-size: 18px;\"><strong>Secteur g\u00e9n\u00e9ral (5 postes)<\/strong><\/span><\/p>\n<div class=\"faculty-module widget alpha omega theme_hook\">\n<div class=\"faculty-avatar two columns alpha\"><!-- Print the image on the page --><img decoding=\"async\" class=\"theme_image\" src=\"https:\/\/appa.qc.ca\/emsb\/wp-content\/uploads\/2019\/11\/appa-logo-300x300.jpg\"><\/div>\n<div class=\"faculty-name six columns\">\n<div class=\"faculty-name\">\n<h3><strong>Julie Blanchette<\/strong><\/h3>\n<\/div>\n<div class=\"faculty-title entry-title-meta\">Repr\u00e9sentante personnel technique<\/div>\n<\/div>\n<div class=\"faculty-contact four columns\">\n<div class=\"faculty-email\">\n<h5>Corps d&#8217;emploi:<\/h5>\n<p>Technicienne en administration<\/p>\n<\/div>\n<\/div>\n<div class=\"faculty-contact four columns omega\">\n<div class=\"faculty-phone\">\n<h5>Lieu de travail:<\/h5>\n<p>Bureau de la dotation (SRH)<\/p>\n<\/div>\n<\/div>\n<\/div>\n<div class=\"faculty-module widget alpha omega theme_hook\">\n<div class=\"faculty-avatar two columns alpha\"><!-- Print the image on the page --><img decoding=\"async\" class=\"theme_image\" src=\"https:\/\/appa.qc.ca\/emsb\/wp-content\/uploads\/2019\/11\/appa-logo-300x300.jpg\"><\/div>\n<div class=\"faculty-name six columns\">\n<div class=\"faculty-name\">\n<h3><strong>Nancy Beauchemin<\/strong><\/h3>\n<\/div>\n<div class=\"faculty-title entry-title-meta\">Repr\u00e9sentante personnel administratif<\/div>\n<\/div>\n<div class=\"faculty-contact four columns\">\n<div class=\"faculty-email\">\n<h5>Corps d&#8217;emploi:<\/h5>\n<p>Agente de bureau classe principale<\/p>\n<\/div>\n<\/div>\n<div class=\"faculty-contact four columns omega\">\n<div class=\"faculty-phone\">\n<h5>Lieu de travail:<\/h5>\n<p>Bureau des services conseils en assiduit\u00e9 au travail (SRH)<\/p>\n<\/div>\n<\/div>\n<\/div>\n<div class=\"faculty-module widget alpha omega theme_hook\">\n<div class=\"faculty-avatar two columns alpha\"><!-- Print the image on the page --><img decoding=\"async\" class=\"theme_image\" src=\"https:\/\/appa.qc.ca\/emsb\/wp-content\/uploads\/2019\/11\/appa-logo-300x300.jpg\"><\/div>\n<div class=\"faculty-name six columns\">\n<div class=\"faculty-name\">\n<h3><strong>\u00c9lyse Favreault<\/strong><\/h3>\n<\/div>\n<div class=\"faculty-title entry-title-meta\">Repr\u00e9sentante personnel para-technique<\/div>\n<\/div>\n<div class=\"faculty-contact four columns\">\n<div class=\"faculty-email\">\n<h5>Corps d&#8217;emploi:<\/h5>\n<p>Op\u00e9ratrice en informatique classe principale<\/p>\n<\/div>\n<\/div>\n<div class=\"faculty-contact four columns omega\">\n<div class=\"faculty-phone\">\n<h5>Lieu de travail:<\/h5>\n<p>Service des technologies de l&rsquo;information<\/p>\n<\/div>\n<\/div>\n<\/div>\n<div class=\"faculty-module widget alpha omega theme_hook\">\n<div class=\"faculty-avatar two columns alpha\"><!-- Print the image on the page --><img decoding=\"async\" class=\"theme_image\" src=\"https:\/\/appa.qc.ca\/emsb\/wp-content\/uploads\/2019\/11\/appa-logo-300x300.jpg\"><\/div>\n<div class=\"faculty-name six columns\">\n<div class=\"faculty-name\">\n<h3><strong>Marie-Jos\u00e9e Bourdon<\/strong><\/h3>\n<\/div>\n<div class=\"faculty-title entry-title-meta\">Repr\u00e9sentante personnel de secr\u00e9tariat<\/div>\n<\/div>\n<div class=\"faculty-contact four columns\">\n<div class=\"faculty-email\">\n<h5>Corps d&#8217;emploi:<\/h5>\n<p>Secr\u00e9taire d&rsquo;\u00e9cole<\/p>\n<\/div>\n<\/div>\n<div class=\"faculty-contact four columns omega\">\n<div class=\"faculty-phone\">\n<h5>Lieu de travail:<\/h5>\n<p>\u00c9cole Saint-Pierre-Ap\u00f4tre<\/p>\n<\/div>\n<\/div>\n<\/div>\n<div class=\"faculty-module widget alpha omega theme_hook\">\n<div class=\"faculty-avatar two columns alpha\"><!-- Print the image on the page --><img decoding=\"async\" class=\"theme_image\" src=\"https:\/\/appa.qc.ca\/emsb\/wp-content\/uploads\/2019\/11\/appa-logo-300x300.jpg\"><\/div>\n<div class=\"faculty-name six columns\">\n<div class=\"faculty-name\">\n<h3><strong>Martin Renaud<\/strong><\/h3>\n<\/div>\n<div class=\"faculty-title entry-title-meta\">Repr\u00e9sentant services para-p\u00e9dagogiques<\/div>\n<\/div>\n<div class=\"faculty-contact four columns\">\n<div class=\"faculty-email\">\n<h5>Corps d&#8217;emploi:<\/h5>\n<p>Surveillant d&rsquo;\u00e9l\u00e8ves<\/p>\n<\/div>\n<\/div>\n<div class=\"faculty-contact four columns omega\">\n<div class=\"faculty-phone\">\n<h5>Lieu de travail:<\/h5>\n<p>\u00c9cole Eulalie-Durocher<\/p>\n<\/div>\n<\/div>\n<\/div>\n<p>&nbsp;<\/p>\n<p><span style=\"font-size: 18px;\"><strong>Secteur de l&rsquo;adaptation scolaire (2 postes)<\/strong><\/span><\/p>\n<div class=\"faculty-module widget alpha omega theme_hook\">\n<div class=\"faculty-avatar two columns alpha\"><img decoding=\"async\" class=\"theme_image\" src=\"https:\/\/appa.qc.ca\/emsb\/wp-content\/uploads\/2019\/11\/appa-logo-300x300.jpg\"><\/div>\n<div class=\"faculty-name six columns\">\n<div class=\"faculty-name\">\n<h3><strong>Cynthia Charette<\/strong><\/h3>\n<\/div>\n<div class=\"faculty-title entry-title-meta\">Repr\u00e9sentante personnel de l&rsquo;adaptation scolaire<\/div>\n<\/div>\n<div class=\"faculty-contact four columns\">\n<div class=\"faculty-email\">\n<h5>Corps d&#8217;emploi:<\/h5>\n<p>Technicienne en \u00e9ducation sp\u00e9cialis\u00e9e<\/p>\n<\/div>\n<\/div>\n<div class=\"faculty-contact four columns omega\">\n<div class=\"faculty-phone\">\n<h5>Lieu de travail:<\/h5>\n<p>\u00c9cole Charles-Bruneau<\/p>\n<\/div>\n<\/div>\n<\/div>\n<div class=\"faculty-module widget alpha omega theme_hook\">\n<div class=\"faculty-avatar two columns alpha\"><img decoding=\"async\" class=\"theme_image\" src=\"https:\/\/appa.qc.ca\/emsb\/wp-content\/uploads\/2019\/11\/appa-logo-300x300.jpg\"><\/div>\n<div class=\"faculty-name six columns\">\n<div class=\"faculty-name\">\n<h3><strong>Estelle Lapierre<\/strong><\/h3>\n<\/div>\n<div class=\"faculty-title entry-title-meta\">Repr\u00e9sentante personnel de l&rsquo;adaptation scolaire<\/div>\n<\/div>\n<div class=\"faculty-contact four columns\">\n<div class=\"faculty-email\">\n<h5>Corps d&#8217;emploi:<\/h5>\n<p>Technicienne en \u00e9ducation sp\u00e9cialis\u00e9e<\/p>\n<\/div>\n<\/div>\n<div class=\"faculty-contact four columns omega\">\n<div class=\"faculty-phone\">\n<h5>Lieu de travail:<\/h5>\n<p>\u00c9cole H\u00e9l\u00e8ne-Boull\u00e9<\/p>\n<\/div>\n<\/div>\n<p>&nbsp;<\/p>\n<\/div>\n<p>&nbsp;<\/p>\n<p><span style=\"font-size: 18px;\"><strong>Secteur des services de garde (3 postes)<\/strong><\/span><\/p>\n<div class=\"faculty-module widget alpha omega theme_hook\">\n<div class=\"faculty-avatar two columns alpha\"><!-- Print the image on the page --><img decoding=\"async\" class=\"theme_image\" src=\"https:\/\/appa.qc.ca\/emsb\/wp-content\/uploads\/2019\/11\/appa-logo-300x300.jpg\"><\/div>\n<div class=\"faculty-name six columns\">\n<div class=\"faculty-name\">\n<h3><strong>Liuba Ceban<\/strong><\/h3>\n<\/div>\n<div class=\"faculty-title entry-title-meta\">Repr\u00e9sentante personnel des services de garde et milieu scolaire<\/div>\n<\/div>\n<div class=\"faculty-contact four columns\">\n<div class=\"faculty-email\">\n<h5>Corps d&#8217;emploi:<\/h5>\n<p>\u00c9ducatrice en milieu scolaire<\/p>\n<\/div>\n<\/div>\n<div class=\"faculty-contact four columns omega\">\n<div class=\"faculty-phone\">\n<h5>Lieu de travail:<\/h5>\n<p>\u00c9cole Madeleine-de-Verch\u00e8res<\/p>\n<\/div>\n<\/div>\n<\/div>\n<div class=\"faculty-module widget alpha omega theme_hook\">\n<div class=\"faculty-avatar two columns alpha\"><!-- Print the image on the page --><img decoding=\"async\" class=\"theme_image\" src=\"https:\/\/appa.qc.ca\/emsb\/wp-content\/uploads\/2019\/11\/appa-logo-300x300.jpg\"><\/div>\n<div class=\"faculty-name six columns\">\n<div class=\"faculty-name\">\n<h3><strong>Karen Palma<\/strong><\/h3>\n<\/div>\n<div class=\"faculty-title entry-title-meta\">Repr\u00e9sentante personnel des services de garde et milieu scolaire<\/div>\n<\/div>\n<div class=\"faculty-contact four columns\">\n<div class=\"faculty-email\">\n<h5>Corps d&#8217;emploi:<\/h5>\n<p>\u00c9ducatrice en milieu scolaire<\/p>\n<\/div>\n<\/div>\n<div class=\"faculty-contact four columns omega\">\n<div class=\"faculty-phone\">\n<h5>Lieu de travail:<\/h5>\n<p>\u00c9cole Saint-Cl\u00e9ment<\/p>\n<\/div>\n<\/div>\n<\/div>\n<div class=\"faculty-module widget alpha omega theme_hook\">\n<div class=\"faculty-avatar two columns alpha\"><!-- Print the image on the page --><img decoding=\"async\" class=\"theme_image\" src=\"https:\/\/appa.qc.ca\/emsb\/wp-content\/uploads\/2019\/11\/appa-logo-300x300.jpg\"><\/div>\n<div class=\"faculty-name six columns\">\n<div class=\"faculty-name\">\n<h3><strong>Jean De Grandpr\u00e9<\/strong><\/h3>\n<\/div>\n<div class=\"faculty-title entry-title-meta\">Repr\u00e9sentant personnel des services de garde et milieu scolaire<\/div>\n<\/div>\n<div class=\"faculty-contact four columns\">\n<div class=\"faculty-email\">\n<h5>Corps d&#8217;emploi:<\/h5>\n<p>\u00c9ducateur en milieu scolaire<\/p>\n<\/div>\n<\/div>\n<div class=\"faculty-contact four columns omega\">\n<div class=\"faculty-phone\">\n<h5>Lieu de travail:<\/h5>\n<p>\u00c9cole La V\u00e9rendrye<\/p>\n<\/div>\n<\/div>\n<\/div>\n[\/vc_column_text][\/vc_column][\/vc_row]\n<\/div>","protected":false},"excerpt":{"rendered":"<p>[vc_row][vc_column][vc_column_text css=\u00a0\u00bb\u00a0\u00bb] Il oriente et administre le syndicat entre les assembl\u00e9es g\u00e9n\u00e9rales. Il r\u00e8gle tous les sujets concernant les membres du syndicat. Il dispose des questions relatives \u00e0 l\u2019application et [&hellip;]<\/p>\n","protected":false},"author":5,"featured_media":0,"parent":0,"menu_order":0,"comment_status":"closed","ping_status":"closed","template":"","meta":{"ngg_post_thumbnail":0,"footnotes":""},"class_list":["post-14703","page","type-page","status-publish","hentry"],"_links":{"self":[{"href":"https:\/\/appa.qc.ca\/cssdm\/wp-json\/wp\/v2\/pages\/14703","targetHints":{"allow":["GET"]}}],"collection":[{"href":"https:\/\/appa.qc.ca\/cssdm\/wp-json\/wp\/v2\/pages"}],"about":[{"href":"https:\/\/appa.qc.ca\/cssdm\/wp-json\/wp\/v2\/types\/page"}],"author":[{"embeddable":true,"href":"https:\/\/appa.qc.ca\/cssdm\/wp-json\/wp\/v2\/users\/5"}],"replies":[{"embeddable":true,"href":"https:\/\/appa.qc.ca\/cssdm\/wp-json\/wp\/v2\/comments?post=14703"}],"version-history":[{"count":16,"href":"https:\/\/appa.qc.ca\/cssdm\/wp-json\/wp\/v2\/pages\/14703\/revisions"}],"predecessor-version":[{"id":14719,"href":"https:\/\/appa.qc.ca\/cssdm\/wp-json\/wp\/v2\/pages\/14703\/revisions\/14719"}],"wp:attachment":[{"href":"https:\/\/appa.qc.ca\/cssdm\/wp-json\/wp\/v2\/media?parent=14703"}],"curies":[{"name":"wp","href":"https:\/\/api.w.org\/{rel}","templated":true}]}}