{"id":6942,"date":"2025-10-01T12:00:44","date_gmt":"2025-10-01T17:00:44","guid":{"rendered":"http:\/\/polytechnic.themeisland.net\/?page_id=6942"},"modified":"2025-11-03T17:47:23","modified_gmt":"2025-11-03T22:47:23","slug":"elections","status":"publish","type":"page","link":"https:\/\/appa.qc.ca\/cssdm\/elections\/","title":{"rendered":"2025 \u00c9lections au conseil syndical"},"content":{"rendered":"<div class=\"wpb-content-wrapper\">[vc_row][vc_column width=\u00a0\u00bb1\/2&Prime;][vc_column_text css=\u00a0\u00bb\u00a0\u00bb]\n<h1>Assembl\u00e9e g\u00e9n\u00e9rale | \u00c9lections au conseil syndical<\/h1>\n<h3>L\u2019Assembl\u00e9e g\u00e9n\u00e9rale a eu lieu le mercredi 8 octobre 2025 \u00e0 19 heures \u00e0 <a href=\"https:\/\/maps.app.goo.gl\/PWAY7cQKQwvz7ifB8\"><span style=\"color: #0000ff;\">l\u2019\u00e9cole secondaire Georges-Vanier<\/span><\/a>. Des \u00e9lections au conseil syndical auront lieu lors de cette assembl\u00e9e.<\/h3>\n[\/vc_column_text][\/vc_column][vc_column width=\u00a0\u00bb1\/2&Prime;][vc_column_text css=\u00a0\u00bb\u00a0\u00bb]<div class=\"wpfd-single-file pdf\" data-id=\"14579\" data-catid=\"519\">\n    <input type=\"hidden\" class=\"wpfd_file_preview_link_download\" value=\"https:\/\/appa.qc.ca\/cssdm\/download\/519\/elections\/14579\/cssdm-membres-du-conseil-syndical.pdf\" data-filetitle=\"CSSDM - Membres du conseil syndical\" data-fileicons=\"ext ext-pdf wpfd-icon-set-svg\" \/>\n    <input type=\"hidden\" class=\"wpfd_file_ext\" value=\"pdf\" \/>\n    <div class=\"wpfd-single-file--icon\">\n            <a href=\"https:\/\/appa.qc.ca\/cssdm\/wp-admin\/admin-ajax.php?juwpfisadmin&#x3D;false&amp;action&#x3D;wpfd&amp;task&#x3D;file.download&amp;wpfd_category_id&#x3D;519&amp;wpfd_file_id&#x3D;14579&amp;token&#x3D;&amp;preview&#x3D;1\" alt=\"CSSDM - Membres du conseil syndical\" class=\"wpfdlightbox\" data-file-type=\"pdf\" data-id=\"14579\" data-catid=\"519\" >\n            <div class=\"wpfd-icon-placeholder\" style=\"background-image: url(&quot;https:\/\/appa.qc.ca\/cssdm\/wp-content\/plugins\/wp-file-download\/app\/site\/assets\/icons\/svg\/pdf.svg&quot;);border-radius: 4%;box-shadow: 0px 0px 0px 0px transparent;background-color: #CB0606;border: 0px solid ;background-size: 100%;\"><\/div>\n        <\/a>\n    <\/div>\n\n    <div class=\"wpfd-single-file--details wpfd-file-content\">\n                        <h3 class=\"wpfd-file-content--title\"><a href=\"https:\/\/appa.qc.ca\/cssdm\/download\/519\/elections\/14579\/cssdm-membres-du-conseil-syndical.pdf\"  style=\"text-decoration: none\">CSSDM - Membres du conseil syndical<\/a><\/h3>\n        <div class=\"wpfd-file-content--meta\">\n                    <div>Taille: 96.78 KB<\/div>\n                    <div>Updated: 03-11-2025<\/div>\n        <\/div>\n    <\/div>\n    <div class=\"wpfd-single-file--buttons\">\n                                <a href=\"https:\/\/appa.qc.ca\/cssdm\/download\/519\/elections\/14579\/cssdm-membres-du-conseil-syndical.pdf\"   data-id=\"14579\" title=\"CSSDM - Membres du conseil syndical\" class=\"noLightbox wpfd_downloadlink wpfd-single-file-button wpfd-button-download\">\n                    <svg xmlns=\"http:\/\/www.w3.org\/2000\/svg\" width=\"38\" height=\"38\" viewBox=\"0 0 400 400\"><g fill=\"#ffffff\"><path d=\"M400 200c0 112-89 200-201 200C88 400 0 311 0 199S89 0 201 0c111 0 199 89 199 200zm-179-8l-3-1V89c0-15-7-24-18-23-13 1-18 9-18 22v107l-34-35c-8-8-18-11-27-2-8 8-7 18 2 26l63 63c10 11 18 10 28 0l63-62c8-8 10-17 2-27-7-8-17-7-27 2l-31 32zm-21 113h82c13 0 24-4 32-14 10-14 8-29 6-44-1-4-8-9-12-8-5 0-9 6-12 10-2 3-1 8 0 13 1 13-5 17-18 17H131c-25 0-25 0-26-25-1-3 0-6-2-7-3-4-8-8-12-8s-10 5-11 9c-11 30 8 57 40 57h80z\"\/><\/g><\/svg>\n                    <span>T\u00e9l\u00e9charger<\/span>\n                <\/a>\n                    <a href=\"https:\/\/appa.qc.ca\/cssdm\/wp-admin\/admin-ajax.php?juwpfisadmin&#x3D;false&amp;action&#x3D;wpfd&amp;task&#x3D;file.download&amp;wpfd_category_id&#x3D;519&amp;wpfd_file_id&#x3D;14579&amp;token&#x3D;&amp;preview&#x3D;1\"  class=\"wpfd-single-file-button wpfd-button-preview openlink wpfdlightbox\">\n                        <svg xmlns=\"http:\/\/www.w3.org\/2000\/svg\" width=\"38\" height=\"38\" viewBox=\"0 0 400 400\"><g fill=\"#ffffff\"><path d=\"M200 325c-36 0-70-11-101-30a356 356 0 01-92-80c-9-11-9-19 0-29 37-44 79-79 131-99 51-20 102-14 151 12 41 22 76 52 106 89 6 8 7 16 1 23-39 48-85 85-141 105a167 167 0 01-55 9zm0-47c41 0 75-36 75-81s-34-81-75-81c-42 0-75 36-75 81s34 81 75 81z\"\/><path d=\"M200 159c21 0 38 17 38 38 0 20-17 37-38 37s-38-17-38-37c0-21 17-38 38-38z\"\/><\/g><\/svg>\n                        <span>Aper\u00e7u<\/span>\n                    <\/a>\n    <\/div>\n<\/div>\n[\/vc_column_text][\/vc_column][vc_column][vc_tta_tour active_section=\u00a0\u00bb1&Prime;][vc_tta_section title=\u00a0\u00bbPostes en \u00e9lection | Liste des candidats \u00e9lus (cliquez ici)\u00a0\u00bb tab_id=\u00a0\u00bb1762208467528-76f8ca18-0dbc\u00a0\u00bb][vc_column_text css=\u00a0\u00bb\u00a0\u00bb]\n<h1>Candidats \u00e9lus<\/h1>\n<hr>\n<p>Les membres en r\u00e8gle de l&rsquo;APPA suivants ont \u00e9t\u00e9 \u00e9lus au Conseil syndicale le 8 octobre 2025 pour un mandat de trois ans (2025 \u00e0 2028).<\/p>\n<a href=\"https:\/\/appa.qc.ca\/cssdm\/download\/519\/elections\/14579\/cssdm-membres-du-conseil-syndical.pdf\" class=\"su-button su-button-style-flat\" style=\"color:#ffffff;background-color:#1da4ff;border-color:#1884cc;border-radius:5px\" target=\"_blank\" rel=\"noopener noreferrer\"><span style=\"color:#ffffff;padding:0px 18px;font-size:14px;line-height:28px;border-color:#61c0ff;border-radius:5px;text-shadow:none\"> CLIQUEZ ICI POUR T\u00c9L\u00c9CHARGER LA LISTE DES \u00c9LUS (PDF)<\/span><\/a>\n<p>&nbsp;<\/p>\n<table style=\"background-color: #ffffff; width: 99%;\">\n<tbody>\n<tr>\n<td style=\"background-color: #ffffff; text-align: center;\" colspan=\"2\"><strong>SECTEUR G\u00c9N\u00c9RAL (5 POSTES AU TOTAL)<\/strong><\/td>\n<\/tr>\n<tr>\n<td style=\"background-color: #ffffff; width: 50%;\"><strong>PERSONNEL TECHNIQUE (1 POSTE)<\/strong><\/p>\n<p><strong>Julie Blanchette<\/strong><br \/>\nTechnicienne en administration<br \/>\nSRH-BDOT<br \/>\n<span style=\"color: #800000;\"><strong>\u00c9LUE PAR ACCLAMATION<\/strong><\/span><\/td>\n<td style=\"background-color: #ffffff; width: 50%;\"><strong>PERSONNEL PARA-TECHNIQUE (1 POSTE)<\/strong><\/p>\n<p><strong>\u00c9lyse Favreault<\/strong><br \/>\nOp\u00e9ratrice en informatique classe principale<br \/>\nTI-BICS<br \/>\n<span style=\"color: #800000;\"><strong>\u00c9LUE PAR ACCLAMATION<\/strong><\/span><\/td>\n<\/tr>\n<tr>\n<td style=\"background-color: #ffffff; width: 50%;\"><strong>PERSONNEL ADMINISTRATIF (1 POSTE)<br \/>\n<\/strong><strong>Nancy Beauchemin<br \/>\n<\/strong>Agente de bureau classe principale<br \/>\nBSCAT<strong><br \/>\n<\/strong><strong style=\"color: #800000; font-family: inherit; font-size: inherit;\">\u00c9LUE PAR ACCLAMATION<\/strong><\/td>\n<td style=\"background-color: #ffffff; width: 50%;\"><strong>PERSONNEL DE SECRETARIAT (1 POSTE)<br \/>\n<\/strong><strong>Marie-Jos\u00e9e Bourdon<\/strong><br \/>\nSecr\u00e9taire d\u2019\u00e9cole<br \/>\n\u00c9cole Saint-Pierre-Ap\u00f4tre<br \/>\n<span style=\"color: #800000;\"><strong>\u00c9LUE PAR ACCLAMATION<\/strong><\/span><\/td>\n<\/tr>\n<tr>\n<td style=\"background-color: #ffffff; width: 50%;\"><strong>SERVICES PARA P\u00c9DAGOGIQUES (1 POSTE)<br \/>\n<\/strong><strong>Martin Renaud<\/strong><br \/>\nSurveillant d\u2019\u00e9l\u00e8ves<br \/>\n\u00c9cole secondaire Eulalie-Durocher<br \/>\n<span style=\"color: #800000;\"><strong>\u00c9LU PAR ACCLAMATION<\/strong><\/span><\/td>\n<td style=\"background-color: #ffffff; width: 50%;\"><em>Le poste de repr\u00e9sentant pour le personnel du chapitre 10 ne sera pas combl\u00e9, consid\u00e9rant que ce chapitre n\u2019existe plus dans la convention collective.<\/em><\/p>\n<p><em>L&rsquo;APPA r\u00e9visera prochainement sa structure pour l\u2019adapter \u00e0 la nouvelle r\u00e9alit\u00e9<\/em><\/td>\n<\/tr>\n<\/tbody>\n<\/table>\n<p>&nbsp;<\/p>\n<table style=\"background-color: #ffffff; width: 99%;\">\n<tbody>\n<tr>\n<td style=\"text-align: center; background-color: #ffffff;\" colspan=\"3\"><strong>SECTEUR ADAPTATION SCOLAIRE (2 POSTES AU TOTAL)<\/strong><\/td>\n<\/tr>\n<tr>\n<td style=\"background-color: #ffffff; width: 50%;\"><strong>Estelle Lapierre<\/strong><br \/>\nTechnicienne en \u00e9ducation sp\u00e9cialis\u00e9e<br \/>\n\u00c9cole H\u00e9l\u00e8ne-Boul\u00e9<br \/>\n<span style=\"color: #800000;\"><strong>\u00c9LU PAR ACCLAMATION<\/strong><\/span><\/td>\n<td style=\"background-color: #ffffff; width: 50%;\"><strong>Cynthia Charette<\/strong><br \/>\nTechnicienne en \u00e9ducation sp\u00e9cialis\u00e9e<br \/>\n\u00c9cole Charles-Bruneau<br \/>\n<span style=\"color: #800000;\"><strong>\u00c9LUE<\/strong><\/span><\/td>\n<\/tr>\n<\/tbody>\n<\/table>\n<p>&nbsp;<\/p>\n<table style=\"background-color: #ffffff; width: 99%;\">\n<tbody>\n<tr>\n<td style=\"text-align: center; background-color: #ffffff;\" colspan=\"2\"><strong>SECTEUR DES SERVICES DE GARDE (3 POSTES AU TOTAL)<\/strong><\/td>\n<\/tr>\n<tr>\n<td style=\"background-color: #ffffff; width: 50%;\"><strong>Liuba Ceban<\/strong><br \/>\n\u00c9ducatrice en milieu scolaire<br \/>\n\u00c9cole Madeleine des Verch\u00e8res<br \/>\n<span style=\"color: #800000;\"><strong>\u00c9LUE<\/strong><\/span><\/td>\n<td style=\"background-color: #ffffff; width: 50%;\"><strong>Jean De Grandpr\u00e9<\/strong><br \/>\n\u00c9ducateur en milieu scolaire<br \/>\nSG La V\u00e9rendrye<br \/>\n<span style=\"color: #800000;\"><strong>\u00c9LU<\/strong><\/span><\/td>\n<\/tr>\n<tr>\n<td style=\"background-color: #ffffff; width: 50%;\"><strong>Karen Palma<br \/>\n<\/strong>\u00c9ducatrice en milieu scolaire<br \/>\n\u00c9cole St-Cl\u00e9ment<strong><br \/>\n<span style=\"color: #800000;\">\u00c9LUE<\/span><\/strong><\/td>\n<td style=\"background-color: #ffffff; width: 50%;\">&nbsp;<\/td>\n<\/tr>\n<\/tbody>\n<\/table>\n<p>&nbsp;<\/p>\n<table style=\"background-color: #ffffff; width: 99%;\">\n<tbody>\n<tr>\n<td style=\"text-align: center; background-color: #ffffff;\" colspan=\"2\"><strong>AUTRES POSTES OUVERTS AUX MEMBRES APPA DU CSSDM ET DE LA CSEM<br \/>\nComit\u00e9 des statuts et r\u00e8glements (3 postes au total)<\/strong><\/td>\n<\/tr>\n<tr>\n<td style=\"background-color: #ffffff; width: 50%;\"><strong>Liuba Ceban<\/strong><br \/>\n\u00c9ducatrice en milieu scolaire<br \/>\n\u00c9cole Madeleine des Verch\u00e8res<br \/>\n<span style=\"color: #800000;\"><strong>\u00c9LUE PAR ACCLAMATION<\/strong><\/span><\/td>\n<td style=\"background-color: #ffffff; width: 50%;\"><strong>Marie-Jos\u00e9 Baron<\/strong><br \/>\n\u00c9ducatrice en milieu scolaire<br \/>\nSG Fran\u00e7ois-de-Laval<br \/>\n<span style=\"color: #800000;\"><strong>\u00c9LUE <\/strong><\/span><\/td>\n<\/tr>\n<tr>\n<td style=\"background-color: #ffffff; width: 50%;\"><strong>Elijah Mackongo Njambe<br \/>\n<\/strong>Technicien en \u00e9ducation sp\u00e9cialis\u00e9e<br \/>\n\u00c9cole Edward Murphy<strong><br \/>\n<span style=\"color: #800000;\">\u00c9LU<\/span><\/strong><\/td>\n<td style=\"background-color: #ffffff; width: 50%;\">&nbsp;<\/td>\n<\/tr>\n<\/tbody>\n<\/table>\n<p>&nbsp;[\/vc_column_text][\/vc_tta_section][vc_tta_section title=\u00a0\u00bbGuide d&rsquo;\u00e9lections (cliquez ici)\u00a0\u00bb tab_id=\u00a0\u00bb1728412106101-68fd7221-37eb\u00a0\u00bb][vc_column_text css=\u00a0\u00bb\u00a0\u00bb]\n<h1 style=\"text-align: left;\">Guide des \u00e9lections<\/h1>\n<p style=\"text-align: left;\">Cliquez ci-dessous pour consulter le \u00ab Guide des \u00e9lections \u00bb qui comporte tous les d\u00e9tails importants relatifs aux \u00e9lections :<\/p>\n<p>&nbsp;[\/vc_column_text][\/vc_tta_section][vc_tta_section title=\u00a0\u00bbDemande de candidature (cliquez ici)\u00a0\u00bb tab_id=\u00a0\u00bb1728412106119-afb62054-3dd3&Prime;][vc_column_text css=\u00a0\u00bb\u00a0\u00bb]\n<h1>Comment faire une demande de candidature<\/h1>\n<p>Veuillez noter que seul le formulaire, sign\u00e9 par le ou la candidate et paraph\u00e9 par trois t\u00e9moins membres en r\u00e8gle de l\u2019APPA sera accept\u00e9.<\/p>\n<p>Faites parvenir votre formulaire original ainsi que votre lettre de pr\u00e9sentation par la poste \u00e0 Jacqueline De Monteiro, secr\u00e9taire d\u2019\u00e9lections ou en mains propres au bureau de l\u2019APPA <strong>au plus tard le lundi 29 septembre 2025 \u00e0 midi.<\/strong><\/p>\n<p>Le formulaire et la lettre de pr\u00e9sentation peuvent aussi \u00eatre envoy\u00e9s par courriel \u00e0 <a href=\"mailto:elections@appa.qc.ca\">elections@appa.qc.ca<\/a>&nbsp;<strong>au plus tard le lundi 29 septembre 2025 \u00e0 midi<\/strong><\/p>\n<h6><em>Tel qu\u2019adopt\u00e9 lors de l\u2019assembl\u00e9e g\u00e9n\u00e9rale du 9 mai 2012, l\u2019APPA ne fait plus d\u2019envoi de masse au domicile de chaque membre de l\u2019APPA en pr\u00e9vision de cette assembl\u00e9e g\u00e9n\u00e9rale. Depuis 2013, les documents pertinents aux \u00e9lections sont disponibles \u00e0 tous sur le site internet.<\/em><\/h6>\n[\/vc_column_text][\/vc_tta_section][\/vc_tta_tour][\/vc_column][\/vc_row][vc_row disable_element=\u00a0\u00bbyes\u00a0\u00bb][vc_column][vc_tta_tour active_section=\u00a0\u00bb1&Prime;][vc_tta_section title=\u00a0\u00bbPostes en \u00e9lection | Candidatures re\u00e7ues (cliquez ici)\u00a0\u00bb tab_id=\u00a0\u00bb1762209593312-359c5ecc-f0ab\u00a0\u00bb][vc_column_text css=\u00a0\u00bb\u00a0\u00bb]\n<h1><strong>Mises en candidatures re\u00e7ues<\/strong><\/h1>\n<hr>\n<p>S&rsquo;il n&rsquo;y a aucun candidat dans la liste pour un poste du conseil, un membre en r\u00e8gle peut <strong>se pr\u00e9senter en personne \u00e0 l&rsquo;Assembl\u00e9e g\u00e9n\u00e9rale<\/strong> pour \u00eatre mis en candidature pour le si\u00e8ge vacant.<\/p>\n<a href=\"https:\/\/appa.qc.ca\/cssdm\/download\/519\/elections\/14513\/cssdm-candidatures-recues-2025-10-8.pdf\" class=\"su-button su-button-style-flat\" style=\"color:#ffffff;background-color:#1da4ff;border-color:#1884cc;border-radius:5px\" target=\"_blank\" rel=\"noopener noreferrer\"><span style=\"color:#ffffff;padding:0px 18px;font-size:14px;line-height:28px;border-color:#61c0ff;border-radius:5px;text-shadow:none\"> CLIQUEZ ICI POUR T\u00c9L\u00c9CHARGER LA LISTE DES CANDIDATS (PDF)<\/span><\/a>\n<p>&nbsp;<\/p>\n<table style=\"background-color: #ffffff; width: 99%;\">\n<tbody>\n<tr>\n<td style=\"background-color: #ffffff; text-align: center;\" colspan=\"2\"><strong>SECTEUR G\u00c9N\u00c9RAL (5 POSTES AU TOTAL)<\/strong><\/td>\n<\/tr>\n<tr>\n<td style=\"background-color: #ffffff; width: 50%;\"><strong>PERSONNEL TECHNIQUE (1 POSTE)<\/strong><\/p>\n<p><strong>Julie Blanchette<\/strong><br \/>\nTechnicienne en administration<br \/>\nSRH-BDOT<br \/>\n<span style=\"color: #800000;\"><strong>\u00c9LUE PAR ACCLAMATION<\/strong><\/span><\/td>\n<td style=\"background-color: #ffffff; width: 50%;\"><strong>PERSONNEL PARA-TECHNIQUE (1 POSTE)<\/strong><\/p>\n<p><strong>\u00c9lyse Favreault<\/strong><br \/>\nOp\u00e9ratrice en informatique classe principale<br \/>\nTI-BICS<br \/>\n<a href=\"https:\/\/appa.qc.ca\/cssdm\/download\/519\/elections\/14527\/lettre-de-presentation-elyse-favreault.jpg\" class=\"su-button su-button-style-flat\" style=\"color:#ffffff;background-color:#1da4ff;border-color:#1884cc;border-radius:5px\" target=\"_blank\" rel=\"noopener noreferrer\"><span style=\"color:#ffffff;padding:0px 14px;font-size:12px;line-height:24px;border-color:#61c0ff;border-radius:5px;text-shadow:none\"> Lettre de pr\u00e9sentation<\/span><\/a>\n<span style=\"color: #800000;\"><strong>\u00c9LUE PAR ACCLAMATION<\/strong><\/span><\/td>\n<\/tr>\n<tr>\n<td style=\"background-color: #ffffff; width: 50%;\"><strong>PERSONNEL ADMINISTRATIF (1 POSTE)<br \/>\n<\/strong><span style=\"background-color: #ffff00;\"><strong><span style=\"color: #800000;\">POSTE VACANT<br \/>\n<\/span><\/strong><\/span><span style=\"background-color: #ffff00;\">Un membre en r\u00e8gle peut se <strong>pr\u00e9senter en personne \u00e0 l&rsquo;Assembl\u00e9e g\u00e9n\u00e9rale<\/strong> pour \u00eatre mis en candidature pour le si\u00e8ge vacant.<\/span><\/td>\n<td style=\"background-color: #ffffff; width: 50%;\"><strong>PERSONNEL DE SECRETARIAT (1 POSTE)<br \/>\n<\/strong><strong>Marie-Jos\u00e9e Bourdon<\/strong><br \/>\nSecr\u00e9taire d\u2019\u00e9cole<br \/>\n\u00c9cole Saint-Pierre-Ap\u00f4tre<br \/>\n<span style=\"color: #800000;\"><strong>\u00c9LUE PAR ACCLAMATION<\/strong><\/span><\/td>\n<\/tr>\n<tr>\n<td style=\"background-color: #ffffff; width: 50%;\"><strong>SERVICES PARA P\u00c9DAGOGIQUES (1 POSTE)<br \/>\n<\/strong><strong>Martin Renaud<\/strong><br \/>\nSurveillant d\u2019\u00e9l\u00e8ves<br \/>\n\u00c9cole secondaire Eulalie-Durocher<br \/>\n<span style=\"color: #800000;\"><strong>\u00c9LU PAR ACCLAMATION<\/strong><\/span><\/td>\n<td style=\"background-color: #ffffff; width: 50%;\"><em>Le poste de repr\u00e9sentant pour le personnel du chapitre 10 ne sera pas combl\u00e9, consid\u00e9rant que ce chapitre n\u2019existe plus dans la convention collective.<\/em><\/p>\n<p><em>L&rsquo;APPA r\u00e9visera prochainement sa structure pour l\u2019adapter \u00e0 la nouvelle r\u00e9alit\u00e9<\/em><\/td>\n<\/tr>\n<\/tbody>\n<\/table>\n<table style=\"background-color: #ffffff; width: 99%;\">\n<tbody>\n<tr>\n<td style=\"text-align: center; background-color: #ffffff;\" colspan=\"2\"><strong>SECTEUR ADAPTATION SCOLAIRE (2 POSTES AU TOTAL)<\/strong><\/td>\n<\/tr>\n<tr>\n<td style=\"background-color: #ffffff; width: 50%;\"><strong>Dani\u00e8le Dunberry<\/strong><br \/>\nTechnicienne en \u00e9ducation sp\u00e9cialis\u00e9e<br \/>\n\u00c9cole Louis-Joseph-Papineau<br \/>\n<a href=\"https:\/\/appa.qc.ca\/cssdm\/download\/519\/elections\/14522\/lettre-de-presentation-daniele-dunberry.pdf\" class=\"su-button su-button-style-flat\" style=\"color:#ffffff;background-color:#1da4ff;border-color:#1884cc;border-radius:5px\" target=\"_blank\" rel=\"noopener noreferrer\"><span style=\"color:#ffffff;padding:0px 14px;font-size:12px;line-height:24px;border-color:#61c0ff;border-radius:5px;text-shadow:none\"> Lettre de pr\u00e9sentation<\/span><\/a><\/td>\n<td style=\"background-color: #ffffff; width: 50%;\"><strong>Estelle Lapierre<\/strong><br \/>\nTechnicienne en \u00e9ducation sp\u00e9cialis\u00e9e<br \/>\n\u00c9cole H\u00e9l\u00e8ne-Boul\u00e9<br \/>\n<a href=\"https:\/\/appa.qc.ca\/cssdm\/download\/519\/elections\/14523\/lettre-de-presentation-estelle-lapierre.pdf\" class=\"su-button su-button-style-flat\" style=\"color:#ffffff;background-color:#1da4ff;border-color:#1884cc;border-radius:5px\" target=\"_blank\" rel=\"noopener noreferrer\"><span style=\"color:#ffffff;padding:0px 14px;font-size:12px;line-height:24px;border-color:#61c0ff;border-radius:5px;text-shadow:none\"> Lettre de pr\u00e9sentation<\/span><\/a><\/td>\n<\/tr>\n<tr>\n<td style=\"background-color: #ffffff; width: 50%;\"><strong>Cynthia Charette<\/strong><br \/>\nTechnicienne en \u00e9ducation sp\u00e9cialis\u00e9e<br \/>\n\u00c9cole Charles-Bruneau<br \/>\n<a href=\"https:\/\/appa.qc.ca\/cssdm\/download\/519\/elections\/14520\/lettre-de-presentation-cynthia-charette.pdf\" class=\"su-button su-button-style-flat\" style=\"color:#ffffff;background-color:#1da4ff;border-color:#1884cc;border-radius:5px\" target=\"_blank\" rel=\"noopener noreferrer\"><span style=\"color:#ffffff;padding:0px 14px;font-size:12px;line-height:24px;border-color:#61c0ff;border-radius:5px;text-shadow:none\"> Lettre de pr\u00e9sentation<\/span><\/a><\/td>\n<td style=\"background-color: #ffffff; width: 50%;\"><strong>Karine B. Leclerc<\/strong><br \/>\nTechnicienne en \u00e9ducation sp\u00e9cialis\u00e9e<br \/>\n\u00c9cole St-Donat<br \/>\n<a href=\"https:\/\/appa.qc.ca\/cssdm\/download\/519\/elections\/14521\/lettre-de-presentation-karine-b-leclerc.pdf\" class=\"su-button su-button-style-flat\" style=\"color:#ffffff;background-color:#1da4ff;border-color:#1884cc;border-radius:5px\" target=\"_blank\" rel=\"noopener noreferrer\"><span style=\"color:#ffffff;padding:0px 14px;font-size:12px;line-height:24px;border-color:#61c0ff;border-radius:5px;text-shadow:none\"> Lettre de pr\u00e9sentation<\/span><\/a><\/td>\n<\/tr>\n<\/tbody>\n<\/table>\n<table style=\"background-color: #ffffff; width: 99%;\">\n<tbody>\n<tr>\n<td style=\"text-align: center; background-color: #ffffff;\" colspan=\"2\"><strong>SECTEUR DES SERVICES DE GARDE (3 POSTES AU TOTAL)<\/strong><\/td>\n<\/tr>\n<tr>\n<td style=\"background-color: #ffffff; width: 50%;\"><strong>Liuba Ceban<\/strong><br \/>\n\u00c9ducatrice en milieu scolaire<br \/>\n\u00c9cole Madeleine des Verch\u00e8res<\/td>\n<td style=\"background-color: #ffffff; width: 50%;\"><strong>Jean De Grandpr\u00e9<\/strong><br \/>\n\u00c9ducateur en milieu scolaire<br \/>\nSG La V\u00e9rendrye<\/td>\n<\/tr>\n<tr>\n<td style=\"background-color: #ffffff; width: 50%;\"><strong>Karen Palma<\/strong><br \/>\n\u00c9ducatrice en milieu scolaire<br \/>\n\u00c9cole St-Cl\u00e9ment<br \/>\n<a href=\"https:\/\/appa.qc.ca\/cssdm\/download\/519\/elections\/14524\/lettre-de-presentation-karen-palma.pdf\" class=\"su-button su-button-style-flat\" style=\"color:#ffffff;background-color:#1da4ff;border-color:#1884cc;border-radius:5px\" target=\"_blank\" rel=\"noopener noreferrer\"><span style=\"color:#ffffff;padding:0px 14px;font-size:12px;line-height:24px;border-color:#61c0ff;border-radius:5px;text-shadow:none\"> Lettre de pr\u00e9sentation<\/span><\/a><\/td>\n<td style=\"background-color: #ffffff; width: 50%;\"><strong>Marie-Th\u00e9r\u00e8se Sylla<\/strong><br \/>\n\u00c9ducatrice en milieu scolaire<br \/>\n\u00c9cole Saint-Marc<br \/>\n<a href=\"https:\/\/appa.qc.ca\/cssdm\/download\/519\/elections\/14528\/lettre-de-presentation-marie-therese-sylla.jpg\" class=\"su-button su-button-style-flat\" style=\"color:#ffffff;background-color:#1da4ff;border-color:#1884cc;border-radius:5px\" target=\"_blank\" rel=\"noopener noreferrer\"><span style=\"color:#ffffff;padding:0px 14px;font-size:12px;line-height:24px;border-color:#61c0ff;border-radius:5px;text-shadow:none\"> Lettre de pr\u00e9sentation<\/span><\/a><\/td>\n<\/tr>\n<tr>\n<td style=\"background-color: #ffffff; width: 50%;\"><strong>Lucie Audette<\/strong><br \/>\n\u00c9ducatrice en milieu scolaire<br \/>\n\u00c9cole Saint-Marc<br \/>\n<a href=\"https:\/\/appa.qc.ca\/cssdm\/download\/519\/elections\/14525\/lettre-de-presentation-lucie-audette.pdf\" class=\"su-button su-button-style-flat\" style=\"color:#ffffff;background-color:#1da4ff;border-color:#1884cc;border-radius:5px\" target=\"_blank\" rel=\"noopener noreferrer\"><span style=\"color:#ffffff;padding:0px 14px;font-size:12px;line-height:24px;border-color:#61c0ff;border-radius:5px;text-shadow:none\"> Lettre de pr\u00e9sentation<\/span><\/a><\/td>\n<td style=\"background-color: #ffffff; width: 50%;\">&nbsp;<\/td>\n<\/tr>\n<\/tbody>\n<\/table>\n<table style=\"background-color: #ffffff; width: 99%;\">\n<tbody>\n<tr>\n<td style=\"text-align: center; background-color: #ffffff;\" colspan=\"2\"><strong>AUTRES POSTES OUVERTS AUX MEMBRES APPA DU CSSDM ET DE LA CSEM<br \/>\nComit\u00e9 des statuts et r\u00e8glements (3 postes au total)<\/strong><\/td>\n<\/tr>\n<tr>\n<td style=\"background-color: #ffffff; width: 50%;\"><strong>Liuba Ceban<\/strong><br \/>\n\u00c9ducatrice en milieu scolaire<br \/>\n\u00c9cole Madeleine des Verch\u00e8res<br \/>\n<span style=\"color: #800000;\"><strong>\u00c9LUE PAR ACCLAMATION<\/strong><\/span><\/td>\n<td style=\"background-color: #ffffff; width: 50%;\"><span style=\"color: #800000; background-color: #ffff00;\"><b>POSTE VACANT<\/b><\/span><\/p>\n<p><span style=\"background-color: #ffff00;\">Un membre en r\u00e8gle peut se <strong>pr\u00e9senter en personne \u00e0 l&rsquo;Assembl\u00e9e g\u00e9n\u00e9rale<\/strong> pour \u00eatre mis en candidature pour le si\u00e8ge vacant.<\/span><\/td>\n<\/tr>\n<tr>\n<td style=\"background-color: #ffffff; width: 50%;\"><span style=\"color: #800000; background-color: #ffff00;\"><strong>POSTE VACANT<\/strong><\/span><\/p>\n<p><span style=\"background-color: #ffff00;\">Un membre en r\u00e8gle peut se <strong>pr\u00e9senter en personne \u00e0 l&rsquo;Assembl\u00e9e g\u00e9n\u00e9rale<\/strong> pour \u00eatre mis en candidature pour le si\u00e8ge vacant.<\/span><\/td>\n<td style=\"background-color: #ffffff; width: 50%;\">&nbsp;<\/td>\n<\/tr>\n<\/tbody>\n<\/table>\n<p>&nbsp;[\/vc_column_text][\/vc_tta_section][vc_tta_section title=\u00a0\u00bbPostes en \u00e9lection | Liste des candidats \u00e9lus (cliquez ici)\u00a0\u00bb tab_id=\u00a0\u00bb1573940194363-5f771ed9-f85a\u00a0\u00bb][vc_column_text]\n<h1>Candidats \u00e9lus<\/h1>\n<hr>\n<p>Les membres en r\u00e8gle de l&rsquo;APPA suivants ont \u00e9t\u00e9 \u00e9lus au Comit\u00e9 ex\u00e9cutif le 25 septembre 2024 pour un mandat de trois ans (2024 \u00e0 2027).<\/p>\n<table style=\"background-color: #ffffff; width: 99%;\">\n<tbody>\n<tr>\n<td style=\"background-color: #ffffff; text-align: center;\" colspan=\"2\"><strong>PR\u00c9SIDENCE (CSSDM\/CSEM)<\/strong><\/td>\n<\/tr>\n<tr>\n<td style=\"background-color: #ffffff; text-align: center;\">Michel PICARD<br \/>\nTechnicien en travaux pratiques<br \/>\n\u00c9cole Louise-Trichet<\/td>\n<\/tr>\n<\/tbody>\n<\/table>\n<table style=\"background-color: #ffffff; width: 99%;\">\n<tbody>\n<tr>\n<td style=\"text-align: center; background-color: #ffffff;\" colspan=\"2\"><strong>SECR\u00c9TAIRE-TR\u00c9SORIER (CSSDM\/CSEM)<\/strong><\/td>\n<\/tr>\n<tr>\n<td style=\"background-color: #ffffff; text-align: center;\">Marl\u00e8ne TOURVILLE<br \/>\nTechnicienne administrative<br \/>\nBPAS \u2013 Approvisionnement<\/td>\n<\/tr>\n<\/tbody>\n<\/table>\n<table style=\"background-color: #ffffff; width: 99%;\">\n<tbody>\n<tr>\n<td style=\"text-align: center; background-color: #ffffff;\" colspan=\"2\"><strong>VICE-PR\u00c9SIDENCE \u2013 SECTEUR G\u00c9N\u00c9RALE ET ADAPTION SCOLAIRE (CSSDM)<\/strong><\/td>\n<\/tr>\n<tr>\n<td style=\"background-color: #ffffff; text-align: center;\">Claudine L\u00c9VEILL\u00c9<br \/>\nTechnicienne en \u00e9ducation sp\u00e9cialis\u00e9e<br \/>\n\u00c9cole de l\u2019\u00c9tincelle<\/td>\n<\/tr>\n<\/tbody>\n<\/table>\n<table style=\"background-color: #ffffff; width: 99%;\">\n<tbody>\n<tr>\n<td style=\"text-align: center; background-color: #ffffff;\" colspan=\"2\"><strong>VICE-PR\u00c9SIDENCE\u2013 SECTEUR DES SERVICES DE GARDE (CSSDM)<\/strong><\/td>\n<\/tr>\n<tr>\n<td style=\"background-color: #ffffff; text-align: center;\">Rachel DEMERS<br \/>\nTechnicienne en service de garde et en milieu scolaire<br \/>\n\u00c9cole Saint-Zotique<\/td>\n<\/tr>\n<\/tbody>\n<\/table>\n[\/vc_column_text][\/vc_tta_section][vc_tta_section title=\u00a0\u00bbDocuments (cliquez ici)\u00a0\u00bb tab_id=\u00a0\u00bb1624989272916-92be948a-33d5&Prime;][vc_column_text]<script type=\"text\/x-handlebars-template\"        id=\"wpfd-template-table-categories-519\">    <div class=\"wpfd-categories \">{{#if category}}{{#with category}}<h2>{{name}}<\/h2>{{#if parent}}<a class=\"catlink backcategory\" href=\"#\" data-idcat=\"{{parent}}\">                        <i class=\"zmdi zmdi-chevron-left\"><\/i><span>Retour<\/span><\/a>{{\/if}}{{\/with}}{{\/if}}{{#if category.desc}}<div class=\"wpfd-category-desc\">{{category.desc}}<\/div>{{\/if}}<\/div><\/script><script type=\"text\/x-handlebars-template\" id=\"wpfd-template-table-519\">    {{#if files}}    {{#each files}}    <tr class=\"file {{class}} {{ext}}\" data-id=\"{{ID}}\" data-catid=\"{{catid}}\">        <input type=\"hidden\" class=\"wpfd_file_preview_link_download\" value=\"{{linkdownload}}\" data-filetitle=\"{{post_title}}\" data-fileicons=\"ext ext-{{ext}} wpfd-icon-set-svg\" \/>    <td class=\"file_title\"><a class=\"wpfd_downloadlink\" href=\"{{linkdownload}}\"  title=\"{{post_title}}\" target=\"{{#if remote_file}}_blank{{\/if}}\"><span class=\"extcol\">{{#if file_custom_icon}}<span class=\"icon-custom\"><img src=\"{{file_custom_icon}}\"><\/span>{{else}}<span class=\"ext ext-{{ext}} wpfd-icon-set-svg\"><\/span>{{\/if}}<\/span><span class=\"wpfd-file-crop-title\">{{{crop_title}}}<\/span><\/a><\/td><td class=\"file_version\">{{versionNumber}}<\/td><td class=\"file_created\">{{created}}<\/td>                    <td class=\"col-download\">                <a class=\"downloadlink wpfd_downloadlink\"  href=\"{{linkdownload}}\"  style=\"background-color:#171717;color:#ffffff;\" target=\"{{#if remote_file}}_blank{{\/if}}\">T\u00e9l\u00e9charger<i class=\"zmdi zmdi-cloud-download wpfd-download\"><\/i><\/a>{{#if openpdflink}}<a class=\"openlink wpfdlightbox wpfd_previewlink\" href=\"{{openpdflink}}\"  target=\"\">Aper\u00e7u                            <i class=\"zmdi zmdi-filter-center-focus wpfd-preview\"><\/i>                        <\/a>{{else}}{{#if viewerlink}}<a                            href=\"{{viewerlink}}\"                                                        class=\"openlink wpfdlightbox wpfd_previewlink\"                            target=\"\"                            data-id=\"{{ID}}\"                            data-catid=\"{{catid}}\"                            data-file-type=\"{{ext}}\">Aper\u00e7u<i class=\"zmdi zmdi-filter-center-focus wpfd-preview\"><\/i>                        <\/a>{{\/if}}{{\/if}}            <\/td>            <\/tr>    {{\/each}}    {{\/if}}<\/script><div class=\"wpfd-content wpfd-content-table wpfd-content-multi colstyle-hide wpfd-content-category-clouds\" data-category=\"519\"              style=\"background-color: transparent;\"><input type=\"hidden\" id=\"current_category_519\" value=\"519\" \/>                    <input type=\"hidden\" id=\"current_category_slug_519\" value=\"elections\" \/>                    <input type=\"hidden\" id=\"current_ordering_519\" value=\"ordering\" \/>                    <input type=\"hidden\" id=\"current_ordering_direction_519\" value=\"asc\" \/>                    <input type=\"hidden\" id=\"page_limit_519\" value=\"10\" \/><input type=\"hidden\" id=\"wpfd_display_empty_category_message\" value=\"0\" \/><input type=\"hidden\" id=\"wpfd_empty_category_message_val\" value=\"This file category has no files to display\" \/><input type=\"hidden\" id=\"wpfd_display_empty_folder\" value=\"1\" \/><input type=\"hidden\" id=\"wpfd_is_empty_subcategories\" value=\"1\" \/><input type=\"hidden\" id=\"wpfd_is_empty_files\" value=\"1\" \/><input type=\"hidden\" id=\"wpfd_root_category_id\" class=\"wpfd_root_category_id\" value=\"519\" \/><input type=\"hidden\" id=\"wpfd_root_category_theme\" class=\"wpfd_root_category_theme\" value=\"table\" \/><input type=\"hidden\" id=\"wpfd_root_category_clone_theme_type\" class=\"wpfd_root_category_clone_theme_type\" value=\"none\" \/><input type=\"hidden\" id=\"wpfd_root_category_type\" class=\"wpfd_root_category_type\" value=\"519\" \/><input type=\"hidden\" id=\"wpfd_category_notify_file_changes\" class=\"wpfd_category_notify_file_changes\" value=\"0\" \/><input type=\"hidden\" id=\"wpfd_global_notify_file_changes\" class=\"wpfd_global_notify_file_changes\" value=\"0\" \/><input type=\"hidden\" id=\"wpfd_download_selected\" class=\"wpfd_download_selected\" value=\"0\" \/><input type=\"hidden\" id=\"wpfd_user_login\" class=\"wpfd_user_login\" value=\"0\" \/><div class=\"wpfd-content-header-section\"><\/div><div class=\"wpfd-container show_category_title\">        <div class=\"wpfd-open-tree\"><\/div>    <div class=\"wpfd-container-table  \">        <div class=\"wpfd-categories \"><h2 class=\"wpfd-category-theme-title\">\u00c9lections<\/h2><div class=\"wpfd-category-desc\"><\/div><\/div>        <table class=\"wpfd-search-result wpfd-table wpfd-table-bordered wpfd-table-striped wpfd-table-0 mediaTable wpfd-theme-rows\">            <thead>                <tr>                    <th class=\"essential persist file_title\">Titre<\/th><th class=\"optional file_version\">Version<\/th><th class=\"optional file_created\">Date d&#039;ajout<\/th><th class=\"essential file_download file_download_tbl\">T\u00e9l\u00e9charger<\/th>                <\/tr>            <\/thead>            <tbody>                                            <tr class=\"file pdf\" data-id=\"14579\"                    data-catid=\"519\">                                        <input type=\"hidden\" class=\"wpfd_file_preview_link_download\" value=\"https:\/\/appa.qc.ca\/cssdm\/download\/519\/elections\/14579\/cssdm-membres-du-conseil-syndical.pdf\"                           data-filetitle=\"CSSDM - Membres du conseil syndical\" data-fileicons=\"ext ext-pdf wpfd-icon-set-svg\" \/>                    <td class=\"file_title\"><a class=\"wpfd_downloadlink\" href=\"https:\/\/appa.qc.ca\/cssdm\/download\/519\/elections\/14579\/cssdm-membres-du-conseil-syndical.pdf\"  title=\"CSSDM - Membres du conseil syndical\" target=\"\"><span class=\"extcol\"><span class=\"ext ext-pdf wpfd-icon-set-svg\"><\/span><\/span><span class=\"wpfd-file-crop-title\">CSSDM - Membres du conseil syndical<\/span><\/a><\/td><td class=\"file_version\"><\/td><td class=\"file_created\">03-11-2025<\/td>                                            <td class=\"file_download_tbl col-download\">                            <a class=\"downloadlink wpfd_downloadlink\"  href=\"https:\/\/appa.qc.ca\/cssdm\/download\/519\/elections\/14579\/cssdm-membres-du-conseil-syndical.pdf\"  style=\"background-color:#171717;color:#ffffff;\" target=\"\">T\u00e9l\u00e9charger<i class=\"zmdi zmdi-cloud-download wpfd-download\"><\/i><\/a><a class=\"openlink wpfdlightbox wpfd_previewlink\" href=\"https:\/\/appa.qc.ca\/cssdm\/wp-admin\/admin-ajax.php?juwpfisadmin=false&#038;action=wpfd&#038;task=file.download&#038;wpfd_category_id=519&#038;wpfd_file_id=14579&#038;token=&#038;preview=1\"  target=\"\">Aper\u00e7u                            <i class=\"zmdi zmdi-filter-center-focus wpfd-preview\"><\/i>                        <\/a>                        <\/td>                                    <\/tr>                                                            <tr class=\"file pdf\" data-id=\"14493\"                    data-catid=\"556\">                                        <input type=\"hidden\" class=\"wpfd_file_preview_link_download\" value=\"https:\/\/appa.qc.ca\/cssdm\/download\/556\/ordres-du-jour\/14493\/ag-elections-conseil-syndical-convocation-8-oct-2025.pdf\"                           data-filetitle=\"AG - \u00c9lections conseil syndical | Convocation - 8 oct 2025\" data-fileicons=\"ext ext-pdf wpfd-icon-set-svg\" \/>                    <td class=\"file_title\"><a class=\"wpfd_downloadlink\" href=\"https:\/\/appa.qc.ca\/cssdm\/download\/556\/ordres-du-jour\/14493\/ag-elections-conseil-syndical-convocation-8-oct-2025.pdf\"  title=\"AG - \u00c9lections conseil syndical | Convocation - 8 oct 2025\" target=\"\"><span class=\"extcol\"><span class=\"ext ext-pdf wpfd-icon-set-svg\"><\/span><\/span><span class=\"wpfd-file-crop-title\">AG - \u00c9lections conseil syndical | Convocation - 8 oct 2025<\/span><\/a><\/td><td class=\"file_version\"><\/td><td class=\"file_created\">19-09-2025<\/td>                                            <td class=\"file_download_tbl col-download\">                            <a class=\"downloadlink wpfd_downloadlink\"  href=\"https:\/\/appa.qc.ca\/cssdm\/download\/556\/ordres-du-jour\/14493\/ag-elections-conseil-syndical-convocation-8-oct-2025.pdf\"  style=\"background-color:#171717;color:#ffffff;\" target=\"\">T\u00e9l\u00e9charger<i class=\"zmdi zmdi-cloud-download wpfd-download\"><\/i><\/a><a class=\"openlink wpfdlightbox wpfd_previewlink\" href=\"https:\/\/appa.qc.ca\/cssdm\/wp-admin\/admin-ajax.php?juwpfisadmin=false&#038;action=wpfd&#038;task=file.download&#038;wpfd_category_id=556&#038;wpfd_file_id=14493&#038;token=&#038;preview=1\"  target=\"\">Aper\u00e7u                            <i class=\"zmdi zmdi-filter-center-focus wpfd-preview\"><\/i>                        <\/a>                        <\/td>                                    <\/tr>                                                            <tr class=\"file pdf\" data-id=\"14513\"                    data-catid=\"519\">                                        <input type=\"hidden\" class=\"wpfd_file_preview_link_download\" value=\"https:\/\/appa.qc.ca\/cssdm\/download\/519\/elections\/14513\/2025-elections-conseil-syndical-candidatures-recues-appa-cssdm.pdf\"                           data-filetitle=\"2025 \u00c9lections Conseil Syndical | Candidatures re\u00e7ues (APPA-CSSDM)\" data-fileicons=\"ext ext-pdf wpfd-icon-set-svg\" \/>                    <td class=\"file_title\"><a class=\"wpfd_downloadlink\" href=\"https:\/\/appa.qc.ca\/cssdm\/download\/519\/elections\/14513\/2025-elections-conseil-syndical-candidatures-recues-appa-cssdm.pdf\"  title=\"2025 \u00c9lections Conseil Syndical | Candidatures re\u00e7ues (APPA-CSSDM)\" target=\"\"><span class=\"extcol\"><span class=\"ext ext-pdf wpfd-icon-set-svg\"><\/span><\/span><span class=\"wpfd-file-crop-title\">2025 \u00c9lections Conseil Syndical | Candidatures re\u00e7ues (APPA-CSSDM)<\/span><\/a><\/td><td class=\"file_version\"><\/td><td class=\"file_created\">01-10-2025<\/td>                                            <td class=\"file_download_tbl col-download\">                            <a class=\"downloadlink wpfd_downloadlink\"  href=\"https:\/\/appa.qc.ca\/cssdm\/download\/519\/elections\/14513\/2025-elections-conseil-syndical-candidatures-recues-appa-cssdm.pdf\"  style=\"background-color:#171717;color:#ffffff;\" target=\"\">T\u00e9l\u00e9charger<i class=\"zmdi zmdi-cloud-download wpfd-download\"><\/i><\/a><a class=\"openlink wpfdlightbox wpfd_previewlink\" href=\"https:\/\/appa.qc.ca\/cssdm\/wp-admin\/admin-ajax.php?juwpfisadmin=false&#038;action=wpfd&#038;task=file.download&#038;wpfd_category_id=519&#038;wpfd_file_id=14513&#038;token=&#038;preview=1\"  target=\"\">Aper\u00e7u                            <i class=\"zmdi zmdi-filter-center-focus wpfd-preview\"><\/i>                        <\/a>                        <\/td>                                    <\/tr>                                                            <tr class=\"file jpg\" data-id=\"14528\"                    data-catid=\"519\">                                        <input type=\"hidden\" class=\"wpfd_file_preview_link_download\" value=\"https:\/\/appa.qc.ca\/cssdm\/download\/519\/elections\/14528\/lettre-de-presentation-marie-therese-sylla.jpg\"                           data-filetitle=\"Lettre de pr\u00e9sentation - Marie-Th\u00e9r\u00e8se Sylla\" data-fileicons=\"ext ext-jpg wpfd-icon-set-svg\" \/>                    <td class=\"file_title\"><a class=\"wpfd_downloadlink\" href=\"https:\/\/appa.qc.ca\/cssdm\/download\/519\/elections\/14528\/lettre-de-presentation-marie-therese-sylla.jpg\"  title=\"Lettre de pr\u00e9sentation - Marie-Th\u00e9r\u00e8se Sylla\" target=\"\"><span class=\"extcol\"><span class=\"ext ext-jpg wpfd-icon-set-svg\"><\/span><\/span><span class=\"wpfd-file-crop-title\">Lettre de pr\u00e9sentation - Marie-Th\u00e9r\u00e8se Sylla<\/span><\/a><\/td><td class=\"file_version\"><\/td><td class=\"file_created\">01-10-2025<\/td>                                            <td class=\"file_download_tbl col-download\">                            <a class=\"downloadlink wpfd_downloadlink\"  href=\"https:\/\/appa.qc.ca\/cssdm\/download\/519\/elections\/14528\/lettre-de-presentation-marie-therese-sylla.jpg\"  style=\"background-color:#171717;color:#ffffff;\" target=\"\">T\u00e9l\u00e9charger<i class=\"zmdi zmdi-cloud-download wpfd-download\"><\/i><\/a><a                            href=\"https:\/\/docs.google.com\/viewer?url=https%3A%2F%2Fappa.qc.ca%2Fcssdm%2Fwp-admin%2Fadmin-ajax.php%3Fjuwpfisadmin%3Dfalse%26action%3Dwpfd%26task%3Dfile.download%26wpfd_category_id%3D519%26wpfd_file_id%3D14528%26token%3D%26preview%3D1&#038;embedded=true\"                                                        class=\"openlink wpfdlightbox wpfd_previewlink\"                            target=\"\"                            data-id=\"14528\"                            data-catid=\"519\"                            data-file-type=\"jpg\">Aper\u00e7u<i class=\"zmdi zmdi-filter-center-focus wpfd-preview\"><\/i>                        <\/a>                        <\/td>                                    <\/tr>                                                            <tr class=\"file jpg\" data-id=\"14527\"                    data-catid=\"519\">                                        <input type=\"hidden\" class=\"wpfd_file_preview_link_download\" value=\"https:\/\/appa.qc.ca\/cssdm\/download\/519\/elections\/14527\/lettre-de-presentation-elyse-favreault.jpg\"                           data-filetitle=\"Lettre de pr\u00e9sentation - \u00c9lyse Favreault\" data-fileicons=\"ext ext-jpg wpfd-icon-set-svg\" \/>                    <td class=\"file_title\"><a class=\"wpfd_downloadlink\" href=\"https:\/\/appa.qc.ca\/cssdm\/download\/519\/elections\/14527\/lettre-de-presentation-elyse-favreault.jpg\"  title=\"Lettre de pr\u00e9sentation - \u00c9lyse Favreault\" target=\"\"><span class=\"extcol\"><span class=\"ext ext-jpg wpfd-icon-set-svg\"><\/span><\/span><span class=\"wpfd-file-crop-title\">Lettre de pr\u00e9sentation - \u00c9lyse Favreault<\/span><\/a><\/td><td class=\"file_version\"><\/td><td class=\"file_created\">01-10-2025<\/td>                                            <td class=\"file_download_tbl col-download\">                            <a class=\"downloadlink wpfd_downloadlink\"  href=\"https:\/\/appa.qc.ca\/cssdm\/download\/519\/elections\/14527\/lettre-de-presentation-elyse-favreault.jpg\"  style=\"background-color:#171717;color:#ffffff;\" target=\"\">T\u00e9l\u00e9charger<i class=\"zmdi zmdi-cloud-download wpfd-download\"><\/i><\/a><a                            href=\"https:\/\/docs.google.com\/viewer?url=https%3A%2F%2Fappa.qc.ca%2Fcssdm%2Fwp-admin%2Fadmin-ajax.php%3Fjuwpfisadmin%3Dfalse%26action%3Dwpfd%26task%3Dfile.download%26wpfd_category_id%3D519%26wpfd_file_id%3D14527%26token%3D%26preview%3D1&#038;embedded=true\"                                                        class=\"openlink wpfdlightbox wpfd_previewlink\"                            target=\"\"                            data-id=\"14527\"                            data-catid=\"519\"                            data-file-type=\"jpg\">Aper\u00e7u<i class=\"zmdi zmdi-filter-center-focus wpfd-preview\"><\/i>                        <\/a>                        <\/td>                                    <\/tr>                                                            <tr class=\"file pdf\" data-id=\"14523\"                    data-catid=\"519\">                                        <input type=\"hidden\" class=\"wpfd_file_preview_link_download\" value=\"https:\/\/appa.qc.ca\/cssdm\/download\/519\/elections\/14523\/lettre-de-presentation-estelle-lapierre.pdf\"                           data-filetitle=\"Lettre de pr\u00e9sentation - Estelle Lapierre\" data-fileicons=\"ext ext-pdf wpfd-icon-set-svg\" \/>                    <td class=\"file_title\"><a class=\"wpfd_downloadlink\" href=\"https:\/\/appa.qc.ca\/cssdm\/download\/519\/elections\/14523\/lettre-de-presentation-estelle-lapierre.pdf\"  title=\"Lettre de pr\u00e9sentation - Estelle Lapierre\" target=\"\"><span class=\"extcol\"><span class=\"ext ext-pdf wpfd-icon-set-svg\"><\/span><\/span><span class=\"wpfd-file-crop-title\">Lettre de pr\u00e9sentation - Estelle Lapierre<\/span><\/a><\/td><td class=\"file_version\"><\/td><td class=\"file_created\">01-10-2025<\/td>                                            <td class=\"file_download_tbl col-download\">                            <a class=\"downloadlink wpfd_downloadlink\"  href=\"https:\/\/appa.qc.ca\/cssdm\/download\/519\/elections\/14523\/lettre-de-presentation-estelle-lapierre.pdf\"  style=\"background-color:#171717;color:#ffffff;\" target=\"\">T\u00e9l\u00e9charger<i class=\"zmdi zmdi-cloud-download wpfd-download\"><\/i><\/a><a class=\"openlink wpfdlightbox wpfd_previewlink\" href=\"https:\/\/appa.qc.ca\/cssdm\/wp-admin\/admin-ajax.php?juwpfisadmin=false&#038;action=wpfd&#038;task=file.download&#038;wpfd_category_id=519&#038;wpfd_file_id=14523&#038;token=&#038;preview=1\"  target=\"\">Aper\u00e7u                            <i class=\"zmdi zmdi-filter-center-focus wpfd-preview\"><\/i>                        <\/a>                        <\/td>                                    <\/tr>                                                            <tr class=\"file pdf\" data-id=\"14522\"                    data-catid=\"519\">                                        <input type=\"hidden\" class=\"wpfd_file_preview_link_download\" value=\"https:\/\/appa.qc.ca\/cssdm\/download\/519\/elections\/14522\/lettre-de-presentation-daniele-dunberry.pdf\"                           data-filetitle=\"Lettre de pr\u00e9sentation - Dani\u00e8le Dunberry\" data-fileicons=\"ext ext-pdf wpfd-icon-set-svg\" \/>                    <td class=\"file_title\"><a class=\"wpfd_downloadlink\" href=\"https:\/\/appa.qc.ca\/cssdm\/download\/519\/elections\/14522\/lettre-de-presentation-daniele-dunberry.pdf\"  title=\"Lettre de pr\u00e9sentation - Dani\u00e8le Dunberry\" target=\"\"><span class=\"extcol\"><span class=\"ext ext-pdf wpfd-icon-set-svg\"><\/span><\/span><span class=\"wpfd-file-crop-title\">Lettre de pr\u00e9sentation - Dani\u00e8le Dunberry<\/span><\/a><\/td><td class=\"file_version\"><\/td><td class=\"file_created\">01-10-2025<\/td>                                            <td class=\"file_download_tbl col-download\">                            <a class=\"downloadlink wpfd_downloadlink\"  href=\"https:\/\/appa.qc.ca\/cssdm\/download\/519\/elections\/14522\/lettre-de-presentation-daniele-dunberry.pdf\"  style=\"background-color:#171717;color:#ffffff;\" target=\"\">T\u00e9l\u00e9charger<i class=\"zmdi zmdi-cloud-download wpfd-download\"><\/i><\/a><a class=\"openlink wpfdlightbox wpfd_previewlink\" href=\"https:\/\/appa.qc.ca\/cssdm\/wp-admin\/admin-ajax.php?juwpfisadmin=false&#038;action=wpfd&#038;task=file.download&#038;wpfd_category_id=519&#038;wpfd_file_id=14522&#038;token=&#038;preview=1\"  target=\"\">Aper\u00e7u                            <i class=\"zmdi zmdi-filter-center-focus wpfd-preview\"><\/i>                        <\/a>                        <\/td>                                    <\/tr>                                                            <tr class=\"file pdf\" data-id=\"14520\"                    data-catid=\"519\">                                        <input type=\"hidden\" class=\"wpfd_file_preview_link_download\" value=\"https:\/\/appa.qc.ca\/cssdm\/download\/519\/elections\/14520\/lettre-de-presentation-cynthia-charette.pdf\"                           data-filetitle=\"Lettre de pr\u00e9sentation - Cynthia Charette\" data-fileicons=\"ext ext-pdf wpfd-icon-set-svg\" \/>                    <td class=\"file_title\"><a class=\"wpfd_downloadlink\" href=\"https:\/\/appa.qc.ca\/cssdm\/download\/519\/elections\/14520\/lettre-de-presentation-cynthia-charette.pdf\"  title=\"Lettre de pr\u00e9sentation - Cynthia Charette\" target=\"\"><span class=\"extcol\"><span class=\"ext ext-pdf wpfd-icon-set-svg\"><\/span><\/span><span class=\"wpfd-file-crop-title\">Lettre de pr\u00e9sentation - Cynthia Charette<\/span><\/a><\/td><td class=\"file_version\"><\/td><td class=\"file_created\">01-10-2025<\/td>                                            <td class=\"file_download_tbl col-download\">                            <a class=\"downloadlink wpfd_downloadlink\"  href=\"https:\/\/appa.qc.ca\/cssdm\/download\/519\/elections\/14520\/lettre-de-presentation-cynthia-charette.pdf\"  style=\"background-color:#171717;color:#ffffff;\" target=\"\">T\u00e9l\u00e9charger<i class=\"zmdi zmdi-cloud-download wpfd-download\"><\/i><\/a><a class=\"openlink wpfdlightbox wpfd_previewlink\" href=\"https:\/\/appa.qc.ca\/cssdm\/wp-admin\/admin-ajax.php?juwpfisadmin=false&#038;action=wpfd&#038;task=file.download&#038;wpfd_category_id=519&#038;wpfd_file_id=14520&#038;token=&#038;preview=1\"  target=\"\">Aper\u00e7u                            <i class=\"zmdi zmdi-filter-center-focus wpfd-preview\"><\/i>                        <\/a>                        <\/td>                                    <\/tr>                                                            <tr class=\"file pdf\" data-id=\"14521\"                    data-catid=\"519\">                                        <input type=\"hidden\" class=\"wpfd_file_preview_link_download\" value=\"https:\/\/appa.qc.ca\/cssdm\/download\/519\/elections\/14521\/lettre-de-presentation-karine-b-leclerc.pdf\"                           data-filetitle=\"Lettre de pr\u00e9sentation - Karine B. Leclerc\" data-fileicons=\"ext ext-pdf wpfd-icon-set-svg\" \/>                    <td class=\"file_title\"><a class=\"wpfd_downloadlink\" href=\"https:\/\/appa.qc.ca\/cssdm\/download\/519\/elections\/14521\/lettre-de-presentation-karine-b-leclerc.pdf\"  title=\"Lettre de pr\u00e9sentation - Karine B. Leclerc\" target=\"\"><span class=\"extcol\"><span class=\"ext ext-pdf wpfd-icon-set-svg\"><\/span><\/span><span class=\"wpfd-file-crop-title\">Lettre de pr\u00e9sentation - Karine B. Leclerc<\/span><\/a><\/td><td class=\"file_version\"><\/td><td class=\"file_created\">01-10-2025<\/td>                                            <td class=\"file_download_tbl col-download\">                            <a class=\"downloadlink wpfd_downloadlink\"  href=\"https:\/\/appa.qc.ca\/cssdm\/download\/519\/elections\/14521\/lettre-de-presentation-karine-b-leclerc.pdf\"  style=\"background-color:#171717;color:#ffffff;\" target=\"\">T\u00e9l\u00e9charger<i class=\"zmdi zmdi-cloud-download wpfd-download\"><\/i><\/a><a class=\"openlink wpfdlightbox wpfd_previewlink\" href=\"https:\/\/appa.qc.ca\/cssdm\/wp-admin\/admin-ajax.php?juwpfisadmin=false&#038;action=wpfd&#038;task=file.download&#038;wpfd_category_id=519&#038;wpfd_file_id=14521&#038;token=&#038;preview=1\"  target=\"\">Aper\u00e7u                            <i class=\"zmdi zmdi-filter-center-focus wpfd-preview\"><\/i>                        <\/a>                        <\/td>                                    <\/tr>                                                            <tr class=\"file pdf\" data-id=\"14524\"                    data-catid=\"519\">                                        <input type=\"hidden\" class=\"wpfd_file_preview_link_download\" value=\"https:\/\/appa.qc.ca\/cssdm\/download\/519\/elections\/14524\/lettre-de-presentation-karen-palma.pdf\"                           data-filetitle=\"Lettre de pr\u00e9sentation - Karen Palma\" data-fileicons=\"ext ext-pdf wpfd-icon-set-svg\" \/>                    <td class=\"file_title\"><a class=\"wpfd_downloadlink\" href=\"https:\/\/appa.qc.ca\/cssdm\/download\/519\/elections\/14524\/lettre-de-presentation-karen-palma.pdf\"  title=\"Lettre de pr\u00e9sentation - Karen Palma\" target=\"\"><span class=\"extcol\"><span class=\"ext ext-pdf wpfd-icon-set-svg\"><\/span><\/span><span class=\"wpfd-file-crop-title\">Lettre de pr\u00e9sentation - Karen Palma<\/span><\/a><\/td><td class=\"file_version\"><\/td><td class=\"file_created\">01-10-2025<\/td>                                            <td class=\"file_download_tbl col-download\">                            <a class=\"downloadlink wpfd_downloadlink\"  href=\"https:\/\/appa.qc.ca\/cssdm\/download\/519\/elections\/14524\/lettre-de-presentation-karen-palma.pdf\"  style=\"background-color:#171717;color:#ffffff;\" target=\"\">T\u00e9l\u00e9charger<i class=\"zmdi zmdi-cloud-download wpfd-download\"><\/i><\/a><a class=\"openlink wpfdlightbox wpfd_previewlink\" href=\"https:\/\/appa.qc.ca\/cssdm\/wp-admin\/admin-ajax.php?juwpfisadmin=false&#038;action=wpfd&#038;task=file.download&#038;wpfd_category_id=519&#038;wpfd_file_id=14524&#038;token=&#038;preview=1\"  target=\"\">Aper\u00e7u                            <i class=\"zmdi zmdi-filter-center-focus wpfd-preview\"><\/i>                        <\/a>                        <\/td>                                    <\/tr>                                        <\/tbody>        <\/table>            <\/div><\/div><\/div><div class='wpfd-pagination'>\n\t<span class='page-numbers current'>1<\/span>\n<a class='page-numbers' data-page='2' data-sourcecat='519'>2<\/a>\n<a class='next page-numbers' data-page='2' data-sourcecat='519'>Suivant &raquo;<\/a>\n<\/div>\n[\/vc_column_text][\/vc_tta_section][vc_tta_section title=\u00a0\u00bbPostes en \u00e9lection | Candidatures re\u00e7ues (cliquez ici)\u00a0\u00bb tab_id=\u00a0\u00bb1758224685104-30575b99-3b9d\u00a0\u00bb][vc_column_text css=\u00a0\u00bb\u00a0\u00bb]\n<h1>Liste des candidatures<\/h1>\n<hr>\n<p>S&rsquo;il n&rsquo;y a aucun candidat dans la liste pour un poste particulier d&rsquo;ex\u00e9cutif, un membre en r\u00e8gle peut se pr\u00e9senter en personne \u00e0 l&rsquo;Assembl\u00e9e g\u00e9n\u00e9rale pour \u00eatre mis en candidature pour le si\u00e8ge vacant. Le membre doit se pr\u00e9senter en personne, <strong>aucun dossier de candidature ne pourra \u00eatre accept\u00e9 apr\u00e8s le 16 septembre \u00e0 midi.<\/strong><\/p>\n<table style=\"background-color: #ffffff; width: 99%;\">\n<tbody>\n<tr>\n<td style=\"background-color: #ffffff; text-align: center;\" colspan=\"2\"><strong>CANDIDATS &#8211; PR\u00c9SIDENCE (CSSDM\/CSEM)<\/strong><\/td>\n<\/tr>\n<tr>\n<td style=\"background-color: #ffffff;\">Michel PICARD<br \/>\nTechnicien en travaux pratiques<br \/>\n\u00c9cole Louise-Trichet<br \/>\n<a href=\"https:\/\/appa.qc.ca\/cssdm\/download\/519\/elections\/13145\/candidature-michel-picard.pdf\" class=\"su-button su-button-style-flat\" style=\"color:#ffffff;background-color:#1ac4ff;border-color:#159dcc;border-radius:0px\" target=\"_blank\" rel=\"noopener noreferrer\"><span style=\"color:#ffffff;padding:0px 12px;font-size:10px;line-height:20px;border-color:#5fd6ff;border-radius:0px;text-shadow:none\"> CLIQUEZ ICI POUR LA BIO DU CANDIDAT<\/span><\/a><\/td>\n<td style=\"background-color: #ffffff;\">Liuba CEBAN<br \/>\n\u00c9ducatrice en milieu scolaire<br \/>\n\u00c9cole Madeleine-de-Verch\u00e8res<\/td>\n<\/tr>\n<\/tbody>\n<\/table>\n<table style=\"background-color: #ffffff; width: 99%;\">\n<tbody>\n<tr>\n<td style=\"text-align: center; background-color: #ffffff;\" colspan=\"2\"><strong>CANDIDATS &#8211; SECR\u00c9TAIRE-TR\u00c9SORIER (CSSDM\/CSEM)<\/strong><\/td>\n<\/tr>\n<tr>\n<td style=\"background-color: #ffffff;\">Liuba CEBAN<br \/>\n\u00c9ducatrice en milieu scolaire<br \/>\n\u00c9cole Madeleine-de-Verch\u00e8res<\/td>\n<td style=\"background-color: #ffffff;\">Angela ROMITA<br \/>\nAgente de bureau classe I<br \/>\nCentre d\u2019\u00e9ducation des adultes HSM<\/td>\n<\/tr>\n<tr>\n<td style=\"background-color: #ffffff;\">Marl\u00e8ne TOURVILLE<br \/>\nTechnicienne administrative<br \/>\nBPAS \u2013 Approvisionnement<\/td>\n<td style=\"background-color: #ffffff;\">&nbsp;<\/td>\n<\/tr>\n<\/tbody>\n<\/table>\n<table style=\"background-color: #ffffff; width: 99%;\">\n<tbody>\n<tr>\n<td style=\"text-align: center; background-color: #ffffff;\" colspan=\"2\"><strong>CANDIDATS &#8211; VICE-PR\u00c9SIDENCE \u2013 SECTEUR G\u00c9N\u00c9RALE ET ADAPTION SCOLAIRE (CSSDM)<\/strong><\/td>\n<\/tr>\n<tr>\n<td style=\"background-color: #ffffff;\">Claudine L\u00c9VEILL\u00c9<br \/>\nTechnicienne en \u00e9ducation sp\u00e9cialis\u00e9e<br \/>\n\u00c9cole de l\u2019\u00c9tincelle<\/td>\n<td style=\"background-color: #ffffff;\"><strong><span style=\"color: #800000;\">\u00c9LUE PAR ACCLAMATION<\/span><\/strong><\/td>\n<\/tr>\n<\/tbody>\n<\/table>\n<table style=\"background-color: #ffffff; width: 99%;\">\n<tbody>\n<tr>\n<td style=\"text-align: center; background-color: #ffffff;\" colspan=\"2\"><strong>CANDIDATS &#8211; VICE-PR\u00c9SIDENCE\u2013 SECTEUR DES SERVICES DE GARDE (CSSDM)<\/strong><\/td>\n<\/tr>\n<tr>\n<td style=\"background-color: #ffffff;\">Rachel DEMERS<br \/>\nTechnicienne en service de garde et en milieu scolaire<br \/>\n\u00c9cole Saint-Zotique<\/td>\n<td style=\"background-color: #ffffff;\">Liuba CEBAN<br \/>\n\u00c9ducatrice en milieu scolaire<br \/>\n\u00c9cole Madeleine-de-Verch\u00e8res<\/td>\n<\/tr>\n<\/tbody>\n<\/table>\n<table style=\"background-color: #ffffff; width: 99%;\">\n<tbody>\n<tr>\n<td style=\"text-align: center; background-color: #ffffff;\" colspan=\"2\"><strong>CANDIDATS &#8211; VICE-PR\u00c9SIDENCE (CSEM)<\/strong><\/td>\n<\/tr>\n<tr>\n<td style=\"background-color: #ffffff;\">Andrea DI TOMASO<br \/>\nTechnicienne en arts graphiques<br \/>\nSecr\u00e9tairiat \/ communications &#8211; CSEM<\/td>\n<td style=\"background-color: #ffffff;\">Eleni IOANNIDIS<br \/>\nTechnicienne administrative<br \/>\nService \u00e8ducatifs &#8211; CSEM<\/td>\n<\/tr>\n<\/tbody>\n<\/table>\n<table style=\"background-color: #ffffff; width: 99%;\">\n<tbody>\n<tr>\n<td style=\"text-align: center; background-color: #ffffff;\" colspan=\"2\"><strong>CONSEIL SYNDICALE \u2014 REPRESENTANT SECTEUR G\u00c8N\u00c8RAL \/ PERSONNEL ADMINISRATIF (CSSDM)<\/strong><\/td>\n<\/tr>\n<tr>\n<td style=\"background-color: #ffffff; text-align: center;\"><strong><span style=\"color: #800000;\"> 1 POSTE VACANT AU TOTAL<\/span><\/strong><\/td>\n<\/tr>\n<\/tbody>\n<\/table>\n[\/vc_column_text][\/vc_tta_section][vc_tta_section title=\u00a0\u00bbPostes en \u00e9lection (cliquez ici)\u00a0\u00bb tab_id=\u00a0\u00bb1759331339119-ba3a9bef-5903&Prime;][vc_column_text css=\u00a0\u00bb\u00a0\u00bb]\n<h1>Postes en \u00e9lection<\/h1>\n<hr>\n<p>S&rsquo;il n&rsquo;y a aucun candidat dans la liste pour un poste du conseil, un membre en r\u00e8gle peut se pr\u00e9senter en personne \u00e0 l&rsquo;Assembl\u00e9e g\u00e9n\u00e9rale pour \u00eatre mis en candidature pour le si\u00e8ge vacant. Le membre doit se pr\u00e9senter en personne, <strong>aucun dossier de candidature ne pourra \u00eatre accept\u00e9 apr\u00e8s le 29 septembre \u00e0 midi.<\/strong><\/p>\n<table style=\"background-color: #ffffff; width: 99%;\">\n<tbody>\n<tr>\n<td style=\"background-color: #ffffff; text-align: center;\" colspan=\"2\"><strong>SECTEUR G\u00c9N\u00c9RAL (5 POSTES AU TOTAL)<\/strong><\/td>\n<\/tr>\n<tr>\n<td style=\"background-color: #ffffff; width: 50%;\"><strong>PERSONNEL TECHNIQUE (1 POSTE)<\/strong><\/p>\n<ul>\n<li>Infirmi\u00e8re(ier)<\/li>\n<li>Technicienne(ien) en administration<\/li>\n<li>Technicienne(ien) en arts graphiques<\/li>\n<li>Technicienne(ien) en audio-visuel<\/li>\n<li>Technicienne(ien) en b\u00e2timent<\/li>\n<li>Technicienne(ien) en \u00e9lectronique<\/li>\n<li>Technicienne(ien) en gestion alimentaire<\/li>\n<li>Technicienne(ien) en informatique<\/li>\n<li>Technicienne(ien) en informatique, classe principale<\/li>\n<li>Technicienne(ien) en organisation scolaire<\/li>\n<li>Technicienne(ien) en transport scolaire<\/li>\n<\/ul>\n<\/td>\n<td style=\"background-color: #ffffff; width: 50%;\"><strong>PERSONNEL PARA-TECHNIQUE (1 POSTE)<\/strong><\/p>\n<ul>\n<li>Apparitrice(eur)<\/li>\n<li>Agent(e) de bureau, classe principale \u00e0 l\u2019imprimerie<\/li>\n<li>Inspectrice(eur) en transport scolaire<\/li>\n<li>Op\u00e9ratrice(eur) en imprimerie<\/li>\n<li>Op\u00e9ratrice(eur) en imprimerie, classe principale<\/li>\n<li>Op\u00e9ratrice(eur) en reprographie<\/li>\n<li>Op\u00e9ratrice(eur) en reprographie, classe principale<\/li>\n<li>Op\u00e9ratrice(eur) en informatique<\/li>\n<li>Op\u00e9ratrice(eur) en informatique, classe principale<\/li>\n<li>Relieuse(eur)<\/li>\n<\/ul>\n<\/td>\n<\/tr>\n<tr>\n<td style=\"background-color: #ffffff; width: 50%;\"><strong>PERSONNEL ADMINISTRATIF (1 POSTE)<br \/>\n<\/strong><\/p>\n<ul>\n<li>Acheteuse(eur)<\/li>\n<li>Agent(e) de bureau, classe II<\/li>\n<li>Agent(e) de bureau, classe I<\/li>\n<li>Agent(e) de bureau, classe principale<\/li>\n<li>Magasini\u00e8re(ier), classe II<\/li>\n<li>Magasini\u00e8re(ier), classe I<\/li>\n<li>Magasini\u00e8re(ier), classe principale<\/li>\n<\/ul>\n<\/td>\n<td style=\"background-color: #ffffff; width: 50%;\"><strong>PERSONNEL DE SECRETARIAT (1 POSTE)<br \/>\n<\/strong><\/p>\n<ul>\n<li>Secr\u00e9taire<\/li>\n<li>Secr\u00e9taire d\u2019\u00e9cole ou de centre Secr\u00e9taire de gestion<\/li>\n<li>Secr\u00e9taire de gestion, centre administratif et de r\u00e9seau<\/li>\n<li>Secr\u00e9taire principale<\/li>\n<\/ul>\n<\/td>\n<\/tr>\n<tr>\n<td style=\"background-color: #ffffff; width: 50%;\"><strong>SERVICES PARA P\u00c9DAGOGIQUES (1 POSTE)<br \/>\n<\/strong><\/p>\n<ul>\n<li>Technicienne(ien) de l\u2019aide sociale<\/li>\n<li>Technicienne(ien) en documentation<\/li>\n<li>Technicienne(ien) de travaux pratiques<\/li>\n<li>Technicienne(ien) en \u00e9criture braille<\/li>\n<li>Technicienne(ien) en loisirs<\/li>\n<li>Technicienne(ien) en psychom\u00e9trie<\/li>\n<li>Technicienne(ien) en formation professionnelle<\/li>\n<li>Surveillant(e) d\u2019\u00e9l\u00e8ves<\/li>\n<li>Surveillant(e) sauveteur<\/li>\n<\/ul>\n<\/td>\n<td style=\"background-color: #ffffff; width: 50%;\"><em>Le poste de repr\u00e9sentant pour le personnel du chapitre 10 ne sera pas combl\u00e9, consid\u00e9rant que ce chapitre n\u2019existe plus dans la convention collective.<\/em><\/p>\n<p><em>L&rsquo;APPA r\u00e9visera prochainement sa structure pour l\u2019adapter \u00e0 la nouvelle r\u00e9alit\u00e9<\/em><\/td>\n<\/tr>\n<\/tbody>\n<\/table>\n<table style=\"background-color: #ffffff; width: 99%;\">\n<tbody>\n<tr>\n<td style=\"text-align: center; background-color: #ffffff;\" colspan=\"2\"><strong>SECTEUR ADAPTATION SCOLAIRE (2 POSTES AU TOTAL)<\/strong><\/td>\n<\/tr>\n<tr>\n<td style=\"background-color: #ffffff;\">\n<ul>\n<li>Technicienne(ien) en \u00e9ducation sp\u00e9cialis\u00e9e<\/li>\n<li>Pr\u00e9pos\u00e9(e) aux \u00e9l\u00e8ves handicap\u00e9s<\/li>\n<li>Technicienne(ien) interpr\u00e8te<\/li>\n<\/ul>\n<\/td>\n<\/tr>\n<\/tbody>\n<\/table>\n<table style=\"background-color: #ffffff; width: 99%;\">\n<tbody>\n<tr>\n<td style=\"text-align: center; background-color: #ffffff;\" colspan=\"2\"><strong>SECTEUR DES SERVICES DE GARDE (3 POSTES AU TOTAL)<\/strong><\/td>\n<\/tr>\n<tr>\n<td style=\"background-color: #ffffff;\">\n<ul>\n<li>\u00c9ducatrice(eur) en service de garde<\/li>\n<li>\u00c9ducatrice(eur) en service de garde, classe principale<\/li>\n<li>Technicienne(ien) en service de garde<\/li>\n<\/ul>\n<\/td>\n<\/tr>\n<\/tbody>\n<\/table>\n<table style=\"background-color: #ffffff; width: 99%;\">\n<tbody>\n<tr>\n<td style=\"text-align: center; background-color: #ffffff;\" colspan=\"2\"><strong>AUTRES POSTES OUVERTS AUX MEMBRES APPA DU CSSDM ET DE LA CSEM<\/strong><\/td>\n<\/tr>\n<tr>\n<td style=\"background-color: #ffffff;\">\n<ul>\n<li>Comit\u00e9 des statuts et r\u00e8glements (3 postes au total)<\/li>\n<\/ul>\n<\/td>\n<\/tr>\n<\/tbody>\n<\/table>\n[\/vc_column_text][\/vc_tta_section][\/vc_tta_tour][vc_column_text css=\u00a0\u00bb\u00a0\u00bb][\/vc_column_text][\/vc_column][\/vc_row]\n<\/div>","protected":false},"excerpt":{"rendered":"<p>L\u2019Assembl\u00e9e g\u00e9n\u00e9rale aura lieu le mercredi 8 octobre 2025 \u00e0 19 heures \u00e0 l\u2019\u00e9cole secondaire Georges-Vanier. Des \u00e9lections au conseil syndical auront lieu lors de cette assembl\u00e9e.<\/p>\n","protected":false},"author":20,"featured_media":9457,"parent":0,"menu_order":7,"comment_status":"closed","ping_status":"closed","template":"","meta":{"ngg_post_thumbnail":0,"footnotes":""},"class_list":["post-6942","page","type-page","status-publish","has-post-thumbnail","hentry"],"_links":{"self":[{"href":"https:\/\/appa.qc.ca\/cssdm\/wp-json\/wp\/v2\/pages\/6942","targetHints":{"allow":["GET"]}}],"collection":[{"href":"https:\/\/appa.qc.ca\/cssdm\/wp-json\/wp\/v2\/pages"}],"about":[{"href":"https:\/\/appa.qc.ca\/cssdm\/wp-json\/wp\/v2\/types\/page"}],"author":[{"embeddable":true,"href":"https:\/\/appa.qc.ca\/cssdm\/wp-json\/wp\/v2\/users\/20"}],"replies":[{"embeddable":true,"href":"https:\/\/appa.qc.ca\/cssdm\/wp-json\/wp\/v2\/comments?post=6942"}],"version-history":[{"count":51,"href":"https:\/\/appa.qc.ca\/cssdm\/wp-json\/wp\/v2\/pages\/6942\/revisions"}],"predecessor-version":[{"id":14581,"href":"https:\/\/appa.qc.ca\/cssdm\/wp-json\/wp\/v2\/pages\/6942\/revisions\/14581"}],"wp:featuredmedia":[{"embeddable":true,"href":"https:\/\/appa.qc.ca\/cssdm\/wp-json\/wp\/v2\/media\/9457"}],"wp:attachment":[{"href":"https:\/\/appa.qc.ca\/cssdm\/wp-json\/wp\/v2\/media?parent=6942"}],"curies":[{"name":"wp","href":"https:\/\/api.w.org\/{rel}","templated":true}]}}