{"id":7878,"date":"2019-12-07T18:40:32","date_gmt":"2019-12-07T22:40:32","guid":{"rendered":"http:\/\/localhost:8081\/appa\/?page_id=7878"},"modified":"2024-12-10T14:22:57","modified_gmt":"2024-12-10T19:22:57","slug":"condition-femme","status":"publish","type":"page","link":"https:\/\/appa.qc.ca\/cssdm\/comites1\/condition-femme\/","title":{"rendered":"Comit\u00e9 de la condition f\u00e9minine"},"content":{"rendered":"<div class=\"wpb-content-wrapper\">[vc_row][vc_column width=\u00a0\u00bb1\/3&Prime;][vc_single_image image=\u00a0\u00bb7880&Prime; img_size=\u00a0\u00bbfull\u00a0\u00bb][vc_column_text]\n<p class=\"xmsonormal\" style=\"text-align: justify;\">Nous croyons sinc\u00e8rement qu\u2019il est essentiel de lutter individuellement et collectivement pour am\u00e9liorer les droits et les conditions des femmes. Il faut continuer notre lutte pour conserver ce que nous avons acquis au fil des ann\u00e9es et am\u00e9liorer l\u2019avenir des femmes dans les g\u00e9n\u00e9rations futures.&nbsp;&nbsp;&nbsp;<\/p>\n<p class=\"xmsonormal\" style=\"text-align: justify;\">La conciliation famille-travail-\u00e9tudes, l\u2019acc\u00e8s au m\u00e9tier non-traditionnel, la situation \u00e9conomique et la violence ainsi que le harc\u00e8lement fait aux femmes ne sont que quelques exemples des sujets qui font partis de nos pr\u00e9occupations.&nbsp;<\/p>\n<p class=\"xmsonormal\" style=\"text-align: justify;\">L\u2019\u00e9galit\u00e9 entre les hommes et les femmes est essentiel ainsi que de contribuer \u00e0 changer la situation \u00e9conomique, sociale et familiale de celles-ci.<\/p>\n<p class=\"xmsonormal\" style=\"text-align: justify;\">L\u2019union fait la force et s\u2019est ensemble que nous y arriveront.<\/p>\n[\/vc_column_text][vc_single_image image=\u00a0\u00bb11500&Prime; img_size=\u00a0\u00bbfull\u00a0\u00bb alignment=\u00a0\u00bbcenter\u00a0\u00bb onclick=\u00a0\u00bbcustom_link\u00a0\u00bb link=\u00a0\u00bbhttps:\/\/appa.qc.ca\/cssdm\/campagne-osez-le-donner-2024\/\u00a0\u00bb][vc_text_separator title=\u00a0\u00bbMembres\u00a0\u00bb][vc_column_text]<div class=\"su-table su-table-alternate\">\n<table style=\"height: 186px\" width=\"367\">\n<tbody>\n<tr>\n<td>Chantal<\/td>\n<td>Gignac<\/td>\n<\/tr>\n<tr>\n<td>Lucie<\/td>\n<td>Audette<\/td>\n<\/tr>\n<tr>\n<td>Dani\u00e8le<\/td>\n<td>Dunberry<\/td>\n<\/tr>\n<tr>\n<td>Jorge<\/td>\n<td>Ramirez Henriquez<\/td>\n<\/tr>\n<tr>\n<td>Delia<\/td>\n<td>Pagliarulo<\/td>\n<\/tr>\n<\/tbody>\n<\/table>\n<\/div>[\/vc_column_text][vc_single_image image=\u00a0\u00bb13555&Prime; img_size=\u00a0\u00bbfull\u00a0\u00bb][vc_single_image image=\u00a0\u00bb12347&Prime; img_size=\u00a0\u00bbfull\u00a0\u00bb][vc_single_image image=\u00a0\u00bb9237&Prime; img_size=\u00a0\u00bbfull\u00a0\u00bb][\/vc_column][vc_column width=\u00a0\u00bb1\/3&Prime;][vc_masonry_grid post_type=\u00a0\u00bbpost\u00a0\u00bb max_items=\u00a0\u00bb5&Prime; element_width=\u00a0\u00bb12&Prime; item=\u00a0\u00bb9076&Prime; css=\u00a0\u00bb\u00a0\u00bb grid_id=\u00a0\u00bbvc_gid:1733858565856-fb3491fa-8c91-5&Prime; taxonomies=\u00a0\u00bb503, 609&Prime;][\/vc_column][vc_column width=\u00a0\u00bb1\/3&Prime;][vc_masonry_grid post_type=\u00a0\u00bbtribe_events\u00a0\u00bb max_items=\u00a0\u00bb5&Prime; element_width=\u00a0\u00bb12&Prime; css=\u00a0\u00bb\u00a0\u00bb grid_id=\u00a0\u00bbvc_gid:1733858565856-8c60f55c-c8a8-5&Prime; taxonomies=\u00a0\u00bb484&Prime;][\/vc_column][\/vc_row]\n<\/div>","protected":false},"excerpt":{"rendered":"<p>[vc_row][vc_column width=\u00a0\u00bb1\/3&Prime;][vc_single_image image=\u00a0\u00bb7880&Prime; img_size=\u00a0\u00bbfull\u00a0\u00bb][vc_column_text] Nous croyons sinc\u00e8rement qu\u2019il est essentiel de lutter individuellement et collectivement pour am\u00e9liorer les droits et les conditions des femmes. Il faut continuer notre lutte pour [&hellip;]<\/p>\n","protected":false},"author":10,"featured_media":7880,"parent":7944,"menu_order":3,"comment_status":"closed","ping_status":"closed","template":"","meta":{"ngg_post_thumbnail":0,"footnotes":""},"class_list":["post-7878","page","type-page","status-publish","has-post-thumbnail","hentry"],"_links":{"self":[{"href":"https:\/\/appa.qc.ca\/cssdm\/wp-json\/wp\/v2\/pages\/7878","targetHints":{"allow":["GET"]}}],"collection":[{"href":"https:\/\/appa.qc.ca\/cssdm\/wp-json\/wp\/v2\/pages"}],"about":[{"href":"https:\/\/appa.qc.ca\/cssdm\/wp-json\/wp\/v2\/types\/page"}],"author":[{"embeddable":true,"href":"https:\/\/appa.qc.ca\/cssdm\/wp-json\/wp\/v2\/users\/10"}],"replies":[{"embeddable":true,"href":"https:\/\/appa.qc.ca\/cssdm\/wp-json\/wp\/v2\/comments?post=7878"}],"version-history":[{"count":44,"href":"https:\/\/appa.qc.ca\/cssdm\/wp-json\/wp\/v2\/pages\/7878\/revisions"}],"predecessor-version":[{"id":13616,"href":"https:\/\/appa.qc.ca\/cssdm\/wp-json\/wp\/v2\/pages\/7878\/revisions\/13616"}],"up":[{"embeddable":true,"href":"https:\/\/appa.qc.ca\/cssdm\/wp-json\/wp\/v2\/pages\/7944"}],"wp:featuredmedia":[{"embeddable":true,"href":"https:\/\/appa.qc.ca\/cssdm\/wp-json\/wp\/v2\/media\/7880"}],"wp:attachment":[{"href":"https:\/\/appa.qc.ca\/cssdm\/wp-json\/wp\/v2\/media?parent=7878"}],"curies":[{"name":"wp","href":"https:\/\/api.w.org\/{rel}","templated":true}]}}